{"id":598,"date":"2022-05-31T10:32:48","date_gmt":"2022-05-31T10:32:48","guid":{"rendered":"https:\/\/eduspektrum.pl\/index.php\/events\/konkurs-plastyczny-szkola-za-100lat\/"},"modified":"2022-06-22T19:57:16","modified_gmt":"2022-06-22T19:57:16","slug":"konkurs-plastyczny-szkola-moich-marzen","status":"publish","type":"mec-events","link":"https:\/\/eduspektrum.pl\/index.php\/events\/konkurs-plastyczny-szkola-moich-marzen\/","title":{"rendered":"Konkurs plastyczny &#8222;Szko\u0142a moich marze\u0144&#8221;"},"content":{"rendered":"<div class=\"\" data-block=\"true\" data-editor=\"8p3ql\" data-offset-key=\"6h7d4-0-0\">\n<div data-offset-key=\"6h7d4-0-0\">\n<h2 style=\"text-align: center;\"><strong>Og\u0142oszenie wynik\u00f3w konkursu dla uczni\u00f3w szk\u00f3\u0142 podstawowych<\/strong><\/h2>\n<h2 style=\"text-align: center;\">\u201e<strong>Szko\u0142a moich marze\u0144<\/strong>\u201d<\/h2>\n<p>Z przyjemno\u015bci\u0105 i ogromn\u0105 satysfakcj\u0105 og\u0142aszamy wyniki konkursu plastycznego:<\/p>\n<\/div>\n<p data-offset-key=\"6h7d4-0-0\">Zwyci\u0119\u017cczyni\u0105 zosta\u0142a Emilia Marciniak, kt\u00f3rej serdecznie gratulujemy oraz dzi\u0119kujemy wszystkim uczestnikom konkursu za trud w\u0142o\u017cony w przygotowanie prac.<\/p>\n<\/div>\n<div data-offset-key=\"6h7d4-0-0\"><\/div>\n<div class=\"\" data-block=\"true\" data-editor=\"8p3ql\" data-offset-key=\"6h7d4-0-0\">\n<div data-offset-key=\"6h7d4-0-0\"><\/div>\n<div data-offset-key=\"6h7d4-0-0\">\n<hr \/>\n<\/div>\n<div class=\"_1mf _1mj\" data-offset-key=\"6h7d4-0-0\"><span data-offset-key=\"6h7d4-0-0\">Zapraszamy Junior\u00f3w do udzia\u0142u w konkursie plastycznym!\u00a0<\/span><\/div>\n<div data-offset-key=\"6h7d4-0-0\">Do wygrania voucher na p\u00f3\u0142kolonie letnie do Spektrum Sportu <span data-offset-key=\"6h7d4-0-0\">\ud83d\udc9a<\/span><\/div>\n<\/div>\n<div class=\"\" data-block=\"true\" data-editor=\"8p3ql\" data-offset-key=\"e50fp-0-0\">\n<div class=\"_1mf _1mj\" data-offset-key=\"e50fp-0-0\"><span data-offset-key=\"e50fp-0-0\">\u00a0<\/span><\/div>\n<\/div>\n<div class=\"\" data-block=\"true\" data-editor=\"8p3ql\" data-offset-key=\"el9hi-0-0\">\n<div class=\"_1mf _1mj\" data-offset-key=\"el9hi-0-0\"><strong>Dok\u0142adny regulamin konkursu \ud83d\udc47\ud83d\udc47\ud83d\udc47<\/strong><\/div>\n<div data-offset-key=\"el9hi-0-0\">\n<p><span style=\"font-weight: 400;\">KONKURS PLASTYCZNY<\/span><\/p>\n<p><span style=\"font-weight: 400;\">\u201eSzko\u0142a moich marze\u0144.\u201d<\/span><\/p>\n<p><strong>Regulamin<\/strong><\/p>\n<p>Cele konkursu:<span style=\"font-weight: 400;\"><br \/>\n<\/span><span style=\"font-weight: 400;\">\u2022 Rozwijanie u\u00a0dzieci \u015bwiadomo\u015bci i sprawczo\u015bci na kszta\u0142t szko\u0142y <\/span><span style=\"font-weight: 400;\"><br \/>\n<\/span><span style=\"font-weight: 400;\">\u2022 Rozbudzanie tw\u00f3rczej inwencji dziecka i\u00a0jego kreatywno\u015bci.<\/span><span style=\"font-weight: 400;\"><br \/>\n<\/span><span style=\"font-weight: 400;\">\u2022 Budzenie zainteresowania r\u00f3\u017cnymi technikami plastycznymi.<\/span><\/p>\n<p><span style=\"font-weight: 400;\">Regulamin konkursu:<\/span><span style=\"font-weight: 400;\"><br \/>\n<\/span><span style=\"font-weight: 400;\">\u2022 Konkurs przeznaczony jest dla uczni\u00f3w szk\u00f3\u0142 podstawowych.<\/span><span style=\"font-weight: 400;\"><br \/>\n<\/span><span style=\"font-weight: 400;\">\u2022 Technika plastyczna tzw. p\u0142aska &#8211; rysowanie, malowanie, collage itp. z\u00a0u\u017cyciem r\u00f3\u017cnorodnych materia\u0142\u00f3w.<\/span><span style=\"font-weight: 400;\"><br \/>\n<\/span><span style=\"font-weight: 400;\">\u2022 Format pracy dowolny.<\/span><\/p>\n<ul>\n<li>Praca ma by\u0107 wykonana indywidualnie i sfotografowana.<\/li>\n<li><span style=\"font-weight: 400;\">Fotografi\u0119\u00a0 pracy nale\u017cy przes\u0142a\u0107 mailem na adres <\/span><a href=\"mailto:sekretariat@eduspektrum.pl\"><span style=\"font-weight: 400;\">sekretariat@eduspektrum.pl<\/span><\/a><span style=\"font-weight: 400;\"> lub przynie\u015b\u0107 prac\u0119 do recepcji Spektrum Sportu \u2013 Narutowicza 96 Legionowo<\/span><\/li>\n<\/ul>\n<p><span style=\"font-weight: 400;\">Temat \u2013 KONKURS PLASTYCZNY &#8211; \u201eSzko\u0142a moich marze\u0144.\u201d<\/span><\/p>\n<p><span style=\"font-weight: 400;\">Zg\u0142oszenie powinno zawiera\u0107: imi\u0119 i nazwisko autora, nazw\u0119 szko\u0142y.<\/span><\/p>\n<p><span style=\"font-weight: 400;\">Termin przes\u0142ania fotografii prac up\u0142ywa 20.06.2022 r.<\/span><span style=\"font-weight: 400;\"><br \/>\n<\/span><span style=\"font-weight: 400;\">\u2022 Organizator powo\u0142a Komisj\u0119 Konkursow\u0105, kt\u00f3ra\u00a0oceni prace i\u00a0wy\u0142oni laureat\u00f3w.<\/span><span style=\"font-weight: 400;\"><br \/>\n<\/span><span style=\"font-weight: 400;\">\u2022 Autor najlepszej pracy otrzyma voucher uprawniaj\u0105cy do bezp\u0142atnego skorzystania z zaj\u0119\u0107 w Spektrum Sportu w ramach p\u00f3\u0142kolonii letnich w roku 2022. Inni &#8211; wybrani uczestnicy &#8211; otrzymaj\u0105 nagrody rzeczowe i\u00a0dyplomy.<\/span> <span style=\"font-weight: 400;\">\u2022 Kryteria oceny: zgodno\u015b\u0107 z\u00a0tematem, pomys\u0142owo\u015b\u0107 w\u00a0uj\u0119ciu tematu, walory artystyczne i\u00a0estetyczne, wykorzystanie r\u00f3\u017cnorodnych technik plastycznych.<\/span><span style=\"font-weight: 400;\"><br \/>\n<\/span><span style=\"font-weight: 400;\">\u2022 Rozstrzygni\u0119cie konkursu nast\u0105pi 22 czerwca 2022r a\u00a0jego wyniki zostan\u0105 og\u0142oszone na\u00a0stronie internetowej Niepublicznej Szko\u0142y Podstawowej EduSpektrum <\/span><b>https:\/\/eduspektrum.pl\/\u00a0 <\/b><span style=\"font-weight: 400;\">poprzez opublikowanie listy autor\u00f3w nagrodzonych prac.<\/span><span style=\"font-weight: 400;\"><br \/>\n<\/span><span style=\"font-weight: 400;\">Dostarczenie pracy na\u00a0konkurs jest r\u00f3wnoznaczne z\u00a0przyj\u0119ciem warunk\u00f3w niniejszego regulaminu. W\u00a0sprawach organizacyjnych mo\u017cna kontaktowa\u0107 si\u0119 z\u00a0koordynatorem konkursu p.\u00a0Micha\u0142em Szostkiem\u00a0<\/span><\/p>\n<p><span style=\"font-weight: 400;\">Serdecznie zapraszamy do\u00a0udzia\u0142u w\u00a0konkursie!<\/span><\/p>\n<p><span style=\"font-weight: 400;\">Dyrektor szko\u0142y<\/span><\/p>\n<p><span style=\"font-weight: 400;\">Iwona Bekisz<\/span><\/p>\n<\/div>\n<\/div>\n","protected":false},"excerpt":{"rendered":"<p>Og\u0142oszenie wynik\u00f3w konkursu dla uczni\u00f3w szk\u00f3\u0142 podstawowych \u201eSzko\u0142a moich marze\u0144\u201d Z przyjemno\u015bci\u0105 i ogromn\u0105 satysfakcj\u0105 og\u0142aszamy wyniki konkursu plastycznego: Zwyci\u0119\u017cczyni\u0105 zosta\u0142a Emilia Marciniak, kt\u00f3rej serdecznie gratulujemy oraz dzi\u0119kujemy wszystkim uczestnikom konkursu za trud w\u0142o\u017cony w przygotowanie prac. Zapraszamy Junior\u00f3w do udzia\u0142u w konkursie plastycznym!\u00a0 Do wygrania voucher na p\u00f3\u0142kolonie letnie do Spektrum Sportu \ud83d\udc9a \u00a0 [&hellip;]<\/p>\n","protected":false},"author":1,"featured_media":622,"comment_status":"open","ping_status":"closed","template":"","tags":[],"mec_category":[3],"class_list":["post-598","mec-events","type-mec-events","status-publish","has-post-thumbnail","hentry","mec_category-szkola"],"_links":{"self":[{"href":"https:\/\/eduspektrum.pl\/index.php\/wp-json\/wp\/v2\/mec-events\/598","targetHints":{"allow":["GET"]}}],"collection":[{"href":"https:\/\/eduspektrum.pl\/index.php\/wp-json\/wp\/v2\/mec-events"}],"about":[{"href":"https:\/\/eduspektrum.pl\/index.php\/wp-json\/wp\/v2\/types\/mec-events"}],"author":[{"embeddable":true,"href":"https:\/\/eduspektrum.pl\/index.php\/wp-json\/wp\/v2\/users\/1"}],"replies":[{"embeddable":true,"href":"https:\/\/eduspektrum.pl\/index.php\/wp-json\/wp\/v2\/comments?post=598"}],"wp:featuredmedia":[{"embeddable":true,"href":"https:\/\/eduspektrum.pl\/index.php\/wp-json\/wp\/v2\/media\/622"}],"wp:attachment":[{"href":"https:\/\/eduspektrum.pl\/index.php\/wp-json\/wp\/v2\/media?parent=598"}],"wp:term":[{"taxonomy":"post_tag","embeddable":true,"href":"https:\/\/eduspektrum.pl\/index.php\/wp-json\/wp\/v2\/tags?post=598"},{"taxonomy":"mec_category","embeddable":true,"href":"https:\/\/eduspektrum.pl\/index.php\/wp-json\/wp\/v2\/mec_category?post=598"}],"curies":[{"name":"wp","href":"https:\/\/api.w.org\/{rel}","templated":true}]}}