{"id":3804,"date":"2025-12-09T12:31:30","date_gmt":"2025-12-09T12:31:30","guid":{"rendered":"https:\/\/eduspektrum.pl\/?page_id=3804"},"modified":"2026-02-12T12:03:34","modified_gmt":"2026-02-12T12:03:34","slug":"patron-szkoly","status":"publish","type":"page","link":"https:\/\/eduspektrum.pl\/index.php\/patron-szkoly\/","title":{"rendered":"SYLWETKI INSPIRUJ\u0104CYCH OLIMPIJCZYK\u00d3W"},"content":{"rendered":"\t\t<div data-elementor-type=\"wp-page\" data-elementor-id=\"3804\" class=\"elementor elementor-3804\" data-elementor-settings=\"{&quot;ha_cmc_init_switcher&quot;:&quot;no&quot;}\">\n\t\t\t\t\t\t<section class=\"elementor-section elementor-top-section elementor-element elementor-element-98d8a44 elementor-section-boxed elementor-section-height-default elementor-section-height-default\" data-id=\"98d8a44\" data-element_type=\"section\" data-settings=\"{&quot;background_background&quot;:&quot;classic&quot;,&quot;_ha_eqh_enable&quot;:false}\">\n\t\t\t\t\t\t<div class=\"elementor-container elementor-column-gap-default\">\n\t\t\t\t\t<div class=\"elementor-column elementor-col-50 elementor-top-column elementor-element elementor-element-a1cae91\" data-id=\"a1cae91\" data-element_type=\"column\">\n\t\t\t<div class=\"elementor-widget-wrap elementor-element-populated\">\n\t\t\t\t\t\t<div class=\"elementor-element elementor-element-5870e0c elementor-widget elementor-widget-heading\" data-id=\"5870e0c\" data-element_type=\"widget\" data-widget_type=\"heading.default\">\n\t\t\t\t<div class=\"elementor-widget-container\">\n\t\t\t\t\t<h1 class=\"elementor-heading-title elementor-size-default\">sylwetki inspiruj\u0105cych olimpijczyk\u00f3w<\/h1>\t\t\t\t<\/div>\n\t\t\t\t<\/div>\n\t\t\t\t<div class=\"elementor-element elementor-element-545d8f0 elementor-widget elementor-widget-spacer\" data-id=\"545d8f0\" data-element_type=\"widget\" data-widget_type=\"spacer.default\">\n\t\t\t\t<div class=\"elementor-widget-container\">\n\t\t\t\t\t\t\t<div class=\"elementor-spacer\">\n\t\t\t<div class=\"elementor-spacer-inner\"><\/div>\n\t\t<\/div>\n\t\t\t\t\t\t<\/div>\n\t\t\t\t<\/div>\n\t\t\t\t<div class=\"elementor-element elementor-element-e1fae2a elementor-widget elementor-widget-text-editor\" data-id=\"e1fae2a\" data-element_type=\"widget\" data-widget_type=\"text-editor.default\">\n\t\t\t\t<div class=\"elementor-widget-container\">\n\t\t\t\t\t\t\t\t\t<p>Ich pasja, wytrwa\u0142o\u015b\u0107 i determinacja s\u0105 fundamentem naszych dzia\u0142a\u0144.<\/p>\t\t\t\t\t\t\t\t<\/div>\n\t\t\t\t<\/div>\n\t\t\t\t\t<\/div>\n\t\t<\/div>\n\t\t\t\t<div class=\"elementor-column elementor-col-50 elementor-top-column elementor-element elementor-element-437baf7\" data-id=\"437baf7\" data-element_type=\"column\">\n\t\t\t<div class=\"elementor-widget-wrap elementor-element-populated\">\n\t\t\t\t\t\t<div class=\"elementor-element elementor-element-176dd41 elementor-widget elementor-widget-image\" data-id=\"176dd41\" data-element_type=\"widget\" data-widget_type=\"image.default\">\n\t\t\t\t<div class=\"elementor-widget-container\">\n\t\t\t\t\t\t\t\t\t\t\t\t\t\t\t<img fetchpriority=\"high\" decoding=\"async\" width=\"800\" height=\"533\" src=\"https:\/\/eduspektrum.pl\/wp-content\/uploads\/2025\/12\/Olympic_flag.svg\" class=\"attachment-large size-large wp-image-3912\" alt=\"\" \/>\t\t\t\t\t\t\t\t\t\t\t\t\t\t\t<\/div>\n\t\t\t\t<\/div>\n\t\t\t\t\t<\/div>\n\t\t<\/div>\n\t\t\t\t\t<\/div>\n\t\t<\/section>\n\t\t\t\t<section class=\"elementor-section elementor-top-section elementor-element elementor-element-28b628b elementor-section-boxed elementor-section-height-default elementor-section-height-default\" data-id=\"28b628b\" data-element_type=\"section\" data-settings=\"{&quot;_ha_eqh_enable&quot;:false}\">\n\t\t\t\t\t\t<div class=\"elementor-container elementor-column-gap-default\">\n\t\t\t\t\t<div class=\"elementor-column elementor-col-33 elementor-top-column elementor-element elementor-element-50def59\" data-id=\"50def59\" data-element_type=\"column\">\n\t\t\t<div class=\"elementor-widget-wrap elementor-element-populated\">\n\t\t\t\t\t\t<div class=\"elementor-element elementor-element-95f7e1c elementor-widget elementor-widget-image\" data-id=\"95f7e1c\" data-element_type=\"widget\" data-widget_type=\"image.default\">\n\t\t\t\t<div class=\"elementor-widget-container\">\n\t\t\t\t\t\t\t\t\t\t\t\t\t\t\t<img decoding=\"async\" width=\"800\" height=\"800\" src=\"https:\/\/eduspektrum.pl\/wp-content\/uploads\/2025\/11\/2-1-1024x1024.png\" class=\"attachment-large size-large wp-image-3809\" alt=\"\" srcset=\"https:\/\/eduspektrum.pl\/wp-content\/uploads\/2025\/11\/2-1-1024x1024.png 1024w, https:\/\/eduspektrum.pl\/wp-content\/uploads\/2025\/11\/2-1-300x300.png 300w, https:\/\/eduspektrum.pl\/wp-content\/uploads\/2025\/11\/2-1-150x150.png 150w, https:\/\/eduspektrum.pl\/wp-content\/uploads\/2025\/11\/2-1-768x768.png 768w, https:\/\/eduspektrum.pl\/wp-content\/uploads\/2025\/11\/2-1-600x600.png 600w, https:\/\/eduspektrum.pl\/wp-content\/uploads\/2025\/11\/2-1-100x100.png 100w, https:\/\/eduspektrum.pl\/wp-content\/uploads\/2025\/11\/2-1.png 1080w\" sizes=\"(max-width: 800px) 100vw, 800px\" \/>\t\t\t\t\t\t\t\t\t\t\t\t\t\t\t<\/div>\n\t\t\t\t<\/div>\n\t\t\t\t<div class=\"elementor-element elementor-element-cee65d1 elementor-widget elementor-widget-toggle\" data-id=\"cee65d1\" data-element_type=\"widget\" data-widget_type=\"toggle.default\">\n\t\t\t\t<div class=\"elementor-widget-container\">\n\t\t\t\t\t\t\t<div class=\"elementor-toggle\">\n\t\t\t\t\t\t\t<div class=\"elementor-toggle-item\">\n\t\t\t\t\t<div id=\"elementor-tab-title-2161\" class=\"elementor-tab-title\" data-tab=\"1\" role=\"button\" aria-controls=\"elementor-tab-content-2161\" aria-expanded=\"false\">\n\t\t\t\t\t\t\t\t\t\t\t\t<span class=\"elementor-toggle-icon elementor-toggle-icon-left\" aria-hidden=\"true\">\n\t\t\t\t\t\t\t\t\t\t\t\t\t\t\t<span class=\"elementor-toggle-icon-closed\"><i class=\"fas fa-caret-right\"><\/i><\/span>\n\t\t\t\t\t\t\t\t<span class=\"elementor-toggle-icon-opened\"><i class=\"elementor-toggle-icon-opened fas fa-caret-up\"><\/i><\/span>\n\t\t\t\t\t\t\t\t\t\t\t\t\t<\/span>\n\t\t\t\t\t\t\t\t\t\t\t\t<a class=\"elementor-toggle-title\" tabindex=\"0\">Dowiedz si\u0119 wi\u0119cej<\/a>\n\t\t\t\t\t<\/div>\n\n\t\t\t\t\t<div id=\"elementor-tab-content-2161\" class=\"elementor-tab-content elementor-clearfix\" data-tab=\"1\" role=\"region\" aria-labelledby=\"elementor-tab-title-2161\"><p><strong>Otylia J\u0119drzejczak<\/strong> (13 grudnia 1983) polska p\u0142ywaczka specjalizuj\u0105ca si\u0119 w stylach motylkowym i dowolnym, mistrzyni olimpijska, dwukrotna mistrzyni \u015bwiata,<br \/>pi\u0119ciokrotna mistrzyni Europy na d\u0142ugim basenie, trzykrotna rekordzistka \u015bwiata. Od 2021 prezeska Polskiego Zwi\u0105zku P\u0142ywackiego. W Plebiscycie Przegl\u0105du Sportowego niejednokrotnie by\u0142a wybierana jako najlepszy sportowiec roku.<\/p><p><strong>Osi\u0105gni\u0119cia:<\/strong><br \/>&#8211; Igrzyska Olimpijskie w Atenach w 2004 r. , gdzie zdoby\u0142a z\u0142oty medal oraz dwa<br \/>srebrne;<br \/>&#8211; Mistrzostwa \u015awiata w Barcelonie \u2013 zdoby\u0142a 2 z\u0142ote medale, 3 srebrne oraz 2<br \/>br\u0105zowe;<br \/>&#8211; Mistrzostwa Europy w latach 1999-2007- zdoby\u0142a 8 z\u0142otych medali, 4 srebrne, 3<br \/>br\u0105zowe.<\/p><p><strong>Odznaczenia:<\/strong><br \/>Krzy\u017c Kawalerski Orderu Odrodzenia Polski \u2013 2004<br \/>Medal \u015awi\u0119tego Brata Alberta \u2013 2005<br \/>Order U\u015bmiechu \u2013 2008<br \/>Medal Komisji Edukacji Narodowej \u2013 2025<\/p><p><strong>Cytat:<\/strong><br \/>\u201cNie ma rzeczy, do kt\u00f3rych si\u0119 nie nadaj\u0119. S\u0105 takie, do kt\u00f3rych si\u0119 s\u0142abo<br \/>przyk\u0142adam\u201d<br \/>\u201cKa\u017cda sytuacja mo\u017ce by\u0107 okazj\u0105 do uczenia si\u0119, a naszym zadaniem jest<br \/>nauczy\u0107 si\u0119 w\u0142a\u015bnie z przegranych do\u015bwiadcze\u0144\u201d<\/p><\/div>\n\t\t\t\t<\/div>\n\t\t\t\t\t\t\t\t<\/div>\n\t\t\t\t\t\t<\/div>\n\t\t\t\t<\/div>\n\t\t\t\t\t<\/div>\n\t\t<\/div>\n\t\t\t\t<div class=\"elementor-column elementor-col-33 elementor-top-column elementor-element elementor-element-2119d37\" data-id=\"2119d37\" data-element_type=\"column\">\n\t\t\t<div class=\"elementor-widget-wrap elementor-element-populated\">\n\t\t\t\t\t\t<div class=\"elementor-element elementor-element-2f8c834 elementor-widget elementor-widget-image\" data-id=\"2f8c834\" data-element_type=\"widget\" data-widget_type=\"image.default\">\n\t\t\t\t<div class=\"elementor-widget-container\">\n\t\t\t\t\t\t\t\t\t\t\t\t\t\t\t<img decoding=\"async\" width=\"800\" height=\"800\" src=\"https:\/\/eduspektrum.pl\/wp-content\/uploads\/2025\/11\/11-1024x1024.png\" class=\"attachment-large size-large wp-image-3818\" alt=\"\" srcset=\"https:\/\/eduspektrum.pl\/wp-content\/uploads\/2025\/11\/11-1024x1024.png 1024w, https:\/\/eduspektrum.pl\/wp-content\/uploads\/2025\/11\/11-300x300.png 300w, https:\/\/eduspektrum.pl\/wp-content\/uploads\/2025\/11\/11-150x150.png 150w, https:\/\/eduspektrum.pl\/wp-content\/uploads\/2025\/11\/11-768x768.png 768w, https:\/\/eduspektrum.pl\/wp-content\/uploads\/2025\/11\/11-600x600.png 600w, https:\/\/eduspektrum.pl\/wp-content\/uploads\/2025\/11\/11-100x100.png 100w, https:\/\/eduspektrum.pl\/wp-content\/uploads\/2025\/11\/11.png 1080w\" sizes=\"(max-width: 800px) 100vw, 800px\" \/>\t\t\t\t\t\t\t\t\t\t\t\t\t\t\t<\/div>\n\t\t\t\t<\/div>\n\t\t\t\t<div class=\"elementor-element elementor-element-f3d0d9e elementor-widget elementor-widget-toggle\" data-id=\"f3d0d9e\" data-element_type=\"widget\" data-widget_type=\"toggle.default\">\n\t\t\t\t<div class=\"elementor-widget-container\">\n\t\t\t\t\t\t\t<div class=\"elementor-toggle\">\n\t\t\t\t\t\t\t<div class=\"elementor-toggle-item\">\n\t\t\t\t\t<div id=\"elementor-tab-title-2551\" class=\"elementor-tab-title\" data-tab=\"1\" role=\"button\" aria-controls=\"elementor-tab-content-2551\" aria-expanded=\"false\">\n\t\t\t\t\t\t\t\t\t\t\t\t<span class=\"elementor-toggle-icon elementor-toggle-icon-left\" aria-hidden=\"true\">\n\t\t\t\t\t\t\t\t\t\t\t\t\t\t\t<span class=\"elementor-toggle-icon-closed\"><i class=\"fas fa-caret-right\"><\/i><\/span>\n\t\t\t\t\t\t\t\t<span class=\"elementor-toggle-icon-opened\"><i class=\"elementor-toggle-icon-opened fas fa-caret-up\"><\/i><\/span>\n\t\t\t\t\t\t\t\t\t\t\t\t\t<\/span>\n\t\t\t\t\t\t\t\t\t\t\t\t<a class=\"elementor-toggle-title\" tabindex=\"0\">Dowiedz si\u0119 wi\u0119cej<\/a>\n\t\t\t\t\t<\/div>\n\n\t\t\t\t\t<div id=\"elementor-tab-content-2551\" class=\"elementor-tab-content elementor-clearfix\" data-tab=\"1\" role=\"region\" aria-labelledby=\"elementor-tab-title-2551\"><p style=\"text-align: left;\"><strong>Mateusz Kusznierewicz<\/strong> urodzony 29 kwietnia 1975 w Warszawie. \u017beglarz, reprezentant Yacht Klubu Polskiego Warszawa (od lipca 1984) w klasach: Optymist (1984-1991), OK. Dinghy (1991-1994) i Finn (od 1993). Panuje opinia, \u017ce musia\u0142 zosta\u0107 \u017ceglarzem &#8211; tak chcia\u0142 jego ojciec, wodniak z Gi\u017cycka, kt\u00f3ry wprowadzi\u0142 go jako pierwszy na jacht \u017caglowy (gdy mia\u0142 3 lata), a potem (kiedy mia\u0142 lat 6) zaprowadzi\u0142 do PKiN, aby nauczy\u0142 si\u0119 sztuki p\u0142ywania, skakania do wody, modelarstwa, a nawet szkutnictwa. Ch\u0142opak mia\u0142 znakomite warunki fizyczne, by\u0142 urodzony \u201ena p\u0142ywaka\u201d najwy\u017cszej klasy, ale jednak zosta\u0142 \u017ceglarzem. Ostatecznie o jego sportowym losie zdecydowa\u0142a mama, kt\u00f3ra zapisa\u0142a syna (mia\u0142 lat 9) na kurs \u017ceglarski w Niepor\u0119cie nad Zalewem Zegrzy\u0144skim.<\/p><p><strong>Osi\u0105gni\u0119cia:<\/strong><br \/>&#8211; 2-krotny medalista olimpijski ( z\u0142oto, Atlanta: klasa Finn 1996 r. oraz br\u0105z,<br \/>Ateny: klasa Finn, 2004 r.)<br \/>&#8211; Z\u0142ote medale M\u015a Finn Gold Cup 1998 (Ateny) i 2000 Weymouth,<br \/>&#8211; Srebrny medal M\u015a Finn Gold Cup 1999 (Melbourne)<br \/>&#8211; Tytu\u0142 mistrza Europy 2000 (Palma de Mallorca)<br \/>&#8211; Tytu\u0142 wicemistrza Europy 1999 (Ostenda), a tak\u017ce 2003 (Marstrand).<br \/>&#8211; Odznaczony Krzy\u017cem Kawalerskim Orderu Odrodzenia Polski (1996) i<br \/>Krzy\u017cem Oficerskim Orderu Odrodzenia Polski (2004).<\/p><p><strong>Cytat:<\/strong><br \/>\u201eNajlepiej wej\u015b\u0107 na taki poziom, gdy Tw\u00f3j umys\u0142 jest silniejszy ni\u017c Twoje emocje\u201d<\/p><\/div>\n\t\t\t\t<\/div>\n\t\t\t\t\t\t\t\t<\/div>\n\t\t\t\t\t\t<\/div>\n\t\t\t\t<\/div>\n\t\t\t\t\t<\/div>\n\t\t<\/div>\n\t\t\t\t<div class=\"elementor-column elementor-col-33 elementor-top-column elementor-element elementor-element-7f29a59\" data-id=\"7f29a59\" data-element_type=\"column\">\n\t\t\t<div class=\"elementor-widget-wrap elementor-element-populated\">\n\t\t\t\t\t\t<div class=\"elementor-element elementor-element-1596c78 elementor-widget elementor-widget-image\" data-id=\"1596c78\" data-element_type=\"widget\" data-widget_type=\"image.default\">\n\t\t\t\t<div class=\"elementor-widget-container\">\n\t\t\t\t\t\t\t\t\t\t\t\t\t\t\t<img loading=\"lazy\" decoding=\"async\" width=\"800\" height=\"800\" src=\"https:\/\/eduspektrum.pl\/wp-content\/uploads\/2025\/11\/3-1024x1024.png\" class=\"attachment-large size-large wp-image-3810\" alt=\"\" srcset=\"https:\/\/eduspektrum.pl\/wp-content\/uploads\/2025\/11\/3-1024x1024.png 1024w, https:\/\/eduspektrum.pl\/wp-content\/uploads\/2025\/11\/3-300x300.png 300w, https:\/\/eduspektrum.pl\/wp-content\/uploads\/2025\/11\/3-150x150.png 150w, https:\/\/eduspektrum.pl\/wp-content\/uploads\/2025\/11\/3-768x768.png 768w, https:\/\/eduspektrum.pl\/wp-content\/uploads\/2025\/11\/3-600x600.png 600w, https:\/\/eduspektrum.pl\/wp-content\/uploads\/2025\/11\/3-100x100.png 100w, https:\/\/eduspektrum.pl\/wp-content\/uploads\/2025\/11\/3.png 1080w\" sizes=\"(max-width: 800px) 100vw, 800px\" \/>\t\t\t\t\t\t\t\t\t\t\t\t\t\t\t<\/div>\n\t\t\t\t<\/div>\n\t\t\t\t<div class=\"elementor-element elementor-element-134850f elementor-widget elementor-widget-toggle\" data-id=\"134850f\" data-element_type=\"widget\" data-widget_type=\"toggle.default\">\n\t\t\t\t<div class=\"elementor-widget-container\">\n\t\t\t\t\t\t\t<div class=\"elementor-toggle\">\n\t\t\t\t\t\t\t<div class=\"elementor-toggle-item\">\n\t\t\t\t\t<div id=\"elementor-tab-title-2021\" class=\"elementor-tab-title\" data-tab=\"1\" role=\"button\" aria-controls=\"elementor-tab-content-2021\" aria-expanded=\"false\">\n\t\t\t\t\t\t\t\t\t\t\t\t<span class=\"elementor-toggle-icon elementor-toggle-icon-left\" aria-hidden=\"true\">\n\t\t\t\t\t\t\t\t\t\t\t\t\t\t\t<span class=\"elementor-toggle-icon-closed\"><i class=\"fas fa-caret-right\"><\/i><\/span>\n\t\t\t\t\t\t\t\t<span class=\"elementor-toggle-icon-opened\"><i class=\"elementor-toggle-icon-opened fas fa-caret-up\"><\/i><\/span>\n\t\t\t\t\t\t\t\t\t\t\t\t\t<\/span>\n\t\t\t\t\t\t\t\t\t\t\t\t<a class=\"elementor-toggle-title\" tabindex=\"0\">Dowiedz si\u0119 wi\u0119cej<\/a>\n\t\t\t\t\t<\/div>\n\n\t\t\t\t\t<div id=\"elementor-tab-content-2021\" class=\"elementor-tab-content elementor-clearfix\" data-tab=\"1\" role=\"region\" aria-labelledby=\"elementor-tab-title-2021\"><p><strong>Robert Korzeniowski<\/strong> urodzony 30 lipca 1968 w Lubaczowie. Jedyny na \u015bwiecie chodziarz, kt\u00f3ry zdoby\u0142 dwa z\u0142ote medale na 20 i 50 km na tych samych igrzyskach olimpijskich. Jedyny, kt\u00f3ry obroni\u0142 tytu\u0142 mistrza olimpijskiego na 50 km, jedyny Polak, kt\u00f3ry ma na swoim koncie cztery z\u0142ote medale olimpijskie zdobyte w konkurencjach indywidualnych i trzeci polski sportowiec, kt\u00f3ry zdoby\u0142 na tych samych igrzyskach dwa mistrzowskie tytu\u0142y.<br \/><br \/><strong>Osi\u0105gni\u0119cia:<\/strong><\/p><p>&#8211; 2-krotny rekordzista kraju w chodzie na 20 km &#8211; 1:22.06,8 (22 lipca 1995<br \/>Pary\u017c), 1:19:52,0 (4 wrze\u015bnia 2001 Brisbane),<br \/>&#8211; 14-krotny mistrz Polski: w chodzie na 20 km (1990-2001, 2003) i w chodzie na<br \/>50 km (1993)<br \/>&#8211; 7-krotny mistrz w hali na 5 km (1993, 1994, 1998-2002).<br \/>&#8211; 7-krotny uczestnik mistrzostw \u015bwiata (1991, 1993, 1995, 1997, 1999, 2001, 2003) podczas kt\u00f3rych zdoby\u0142 trzy z\u0142ote medale w chodzie na 50 km: w Atenach (1997), Edmonton (2001) i Pary\u017cu (2003); W HM\u015a w Toronto (1993)<br \/>podczas jedynego startu zdoby\u0142 srebrny medal na dystansie 5 km ).<br \/><br \/><strong>Cytat:<\/strong><br \/>,,Czas jest moim sprzymierze\u0144cem. Z ka\u017cd\u0105 sekund\u0105, krokiem, oddechem zbli\u017cam si\u0119<br \/>do upragnionego celu, a tak\u017ce nawi\u0105zuj\u0105ce do rywalizacji zrobi\u0142em tak, \u017ce \u015bwiat nas<br \/>zechcia\u0142.\u201d<\/p><\/div>\n\t\t\t\t<\/div>\n\t\t\t\t\t\t\t\t<\/div>\n\t\t\t\t\t\t<\/div>\n\t\t\t\t<\/div>\n\t\t\t\t\t<\/div>\n\t\t<\/div>\n\t\t\t\t\t<\/div>\n\t\t<\/section>\n\t\t\t\t<section class=\"elementor-section elementor-top-section elementor-element elementor-element-9316317 elementor-section-boxed elementor-section-height-default elementor-section-height-default\" data-id=\"9316317\" data-element_type=\"section\" data-settings=\"{&quot;_ha_eqh_enable&quot;:false}\">\n\t\t\t\t\t\t<div class=\"elementor-container elementor-column-gap-default\">\n\t\t\t\t\t<div class=\"elementor-column elementor-col-33 elementor-top-column elementor-element elementor-element-14a6f6f\" data-id=\"14a6f6f\" data-element_type=\"column\">\n\t\t\t<div class=\"elementor-widget-wrap elementor-element-populated\">\n\t\t\t\t\t\t<div class=\"elementor-element elementor-element-ac4f5a5 elementor-widget elementor-widget-image\" data-id=\"ac4f5a5\" data-element_type=\"widget\" data-widget_type=\"image.default\">\n\t\t\t\t<div class=\"elementor-widget-container\">\n\t\t\t\t\t\t\t\t\t\t\t\t\t\t\t<img loading=\"lazy\" decoding=\"async\" width=\"800\" height=\"800\" src=\"https:\/\/eduspektrum.pl\/wp-content\/uploads\/2025\/11\/4-1024x1024.png\" class=\"attachment-large size-large wp-image-3811\" alt=\"\" srcset=\"https:\/\/eduspektrum.pl\/wp-content\/uploads\/2025\/11\/4-1024x1024.png 1024w, https:\/\/eduspektrum.pl\/wp-content\/uploads\/2025\/11\/4-300x300.png 300w, https:\/\/eduspektrum.pl\/wp-content\/uploads\/2025\/11\/4-150x150.png 150w, https:\/\/eduspektrum.pl\/wp-content\/uploads\/2025\/11\/4-768x768.png 768w, https:\/\/eduspektrum.pl\/wp-content\/uploads\/2025\/11\/4-600x600.png 600w, https:\/\/eduspektrum.pl\/wp-content\/uploads\/2025\/11\/4-100x100.png 100w, https:\/\/eduspektrum.pl\/wp-content\/uploads\/2025\/11\/4.png 1080w\" sizes=\"(max-width: 800px) 100vw, 800px\" \/>\t\t\t\t\t\t\t\t\t\t\t\t\t\t\t<\/div>\n\t\t\t\t<\/div>\n\t\t\t\t<div class=\"elementor-element elementor-element-4a34a5e elementor-widget elementor-widget-toggle\" data-id=\"4a34a5e\" data-element_type=\"widget\" data-widget_type=\"toggle.default\">\n\t\t\t\t<div class=\"elementor-widget-container\">\n\t\t\t\t\t\t\t<div class=\"elementor-toggle\">\n\t\t\t\t\t\t\t<div class=\"elementor-toggle-item\">\n\t\t\t\t\t<div id=\"elementor-tab-title-7781\" class=\"elementor-tab-title\" data-tab=\"1\" role=\"button\" aria-controls=\"elementor-tab-content-7781\" aria-expanded=\"false\">\n\t\t\t\t\t\t\t\t\t\t\t\t<span class=\"elementor-toggle-icon elementor-toggle-icon-left\" aria-hidden=\"true\">\n\t\t\t\t\t\t\t\t\t\t\t\t\t\t\t<span class=\"elementor-toggle-icon-closed\"><i class=\"fas fa-caret-right\"><\/i><\/span>\n\t\t\t\t\t\t\t\t<span class=\"elementor-toggle-icon-opened\"><i class=\"elementor-toggle-icon-opened fas fa-caret-up\"><\/i><\/span>\n\t\t\t\t\t\t\t\t\t\t\t\t\t<\/span>\n\t\t\t\t\t\t\t\t\t\t\t\t<a class=\"elementor-toggle-title\" tabindex=\"0\">Dowiedz si\u0119 wi\u0119cej<\/a>\n\t\t\t\t\t<\/div>\n\n\t\t\t\t\t<div id=\"elementor-tab-content-7781\" class=\"elementor-tab-content elementor-clearfix\" data-tab=\"1\" role=\"region\" aria-labelledby=\"elementor-tab-title-7781\"><p><strong>Justyna Kowalczyk<\/strong> urodzona 19 stycznia 1983 w Limanowej \u2013 polska biegaczka narciarska, mistrzyni i multimedalistka olimpijska, mistrzyni i multimedalistka mistrzostw \u015bwiata, czterokrotna zdobywczyni Pucharu \u015awiata w biegach narciarskich. W latach 2018\u20132021 asystentka trenera g\u0142\u00f3wnego Narodowej Kadry Kobiet w biegach narciarskich. Od 26 marca 2021 do 12 pa\u017adziernika 2022 dyrektor sportowa Polskiego Zwi\u0105zku Biathlonu. Jedna z dw\u00f3ch biegaczek narciarskich w<br \/>historii tej dyscypliny (obok Marjo Matikainen), kt\u00f3re trzy razy z rz\u0119du zdoby\u0142y Puchar \u015awiata. Jako jedyna w historii zdoby\u0142a cztery Puchary \u015awiata w ci\u0105gu pi\u0119ciu lat. Jedyna zawodniczka, kt\u00f3ra cztery razy z rz\u0119du zwyci\u0119\u017cy\u0142a w presti\u017cowym cyklu Tour<br \/>de Ski. Zwyci\u0119\u017cczyni 91. Biegu Waz\u00f3w (2015). Dzi\u0119ki zdobyciu w sumie pi\u0119ciu medali olimpijskich, jest najwybitniejszym (pod wzgl\u0119dem liczby medali) polskim sportowcem w historii zimowych igrzysk olimpijskich i drug\u0105 \u2013 po Irenie Szewi\u0144skiej<br \/>\u2013 najbardziej utytu\u0142owan\u0105 Polk\u0105 pod wzgl\u0119dem zdobytych medali na letnich i zimowych igrzyskach olimpijskich.<br \/><br \/><strong>Osi\u0105gni\u0119cia:<\/strong><br \/>&#8211; Zimowe Igrzyska Olimpijskie Soczi 2014 \u2013 z\u0142oty medal (10 km technik\u0105<br \/>klasyczn\u0105);<br \/>&#8211; Zimowe Igrzyska Olimpijskie Vancouver 2010 \u2013 z\u0142oty medal (30 km technik\u0105 klasyczn\u0105), srebrny medal (sprint 1,4 km technika klasyczn\u0105) i br\u0105z (bieg \u0142\u0105czony na 15 km);<br \/>&#8211; Zimowe Igrzyska Olimpijskie Turyn 2006 \u2013 br\u0105zowy medal (30 km stylem dowolnym ze startu wsp\u00f3lnego).<\/p><p><strong>Cytat:<\/strong><br \/>,,Czas, by\u015b przesta\u0142 bra\u0107 odpowiedzialno\u015b\u0107 za wszystko i wszystkich. Czas, by\u015b<br \/>pomy\u015bla\u0142 o sobie. O tym, czego naprawd\u0119 pragniesz, o czym marzysz\u2019\u2019.<\/p><\/div>\n\t\t\t\t<\/div>\n\t\t\t\t\t\t\t\t<\/div>\n\t\t\t\t\t\t<\/div>\n\t\t\t\t<\/div>\n\t\t\t\t\t<\/div>\n\t\t<\/div>\n\t\t\t\t<div class=\"elementor-column elementor-col-33 elementor-top-column elementor-element elementor-element-da17f47\" data-id=\"da17f47\" data-element_type=\"column\">\n\t\t\t<div class=\"elementor-widget-wrap elementor-element-populated\">\n\t\t\t\t\t\t<div class=\"elementor-element elementor-element-b821e45 elementor-widget elementor-widget-image\" data-id=\"b821e45\" data-element_type=\"widget\" data-widget_type=\"image.default\">\n\t\t\t\t<div class=\"elementor-widget-container\">\n\t\t\t\t\t\t\t\t\t\t\t\t\t\t\t<img loading=\"lazy\" decoding=\"async\" width=\"800\" height=\"800\" src=\"https:\/\/eduspektrum.pl\/wp-content\/uploads\/2025\/11\/5-1024x1024.png\" class=\"attachment-large size-large wp-image-3812\" alt=\"\" srcset=\"https:\/\/eduspektrum.pl\/wp-content\/uploads\/2025\/11\/5-1024x1024.png 1024w, https:\/\/eduspektrum.pl\/wp-content\/uploads\/2025\/11\/5-300x300.png 300w, https:\/\/eduspektrum.pl\/wp-content\/uploads\/2025\/11\/5-150x150.png 150w, https:\/\/eduspektrum.pl\/wp-content\/uploads\/2025\/11\/5-768x768.png 768w, https:\/\/eduspektrum.pl\/wp-content\/uploads\/2025\/11\/5-600x600.png 600w, https:\/\/eduspektrum.pl\/wp-content\/uploads\/2025\/11\/5-100x100.png 100w, https:\/\/eduspektrum.pl\/wp-content\/uploads\/2025\/11\/5.png 1080w\" sizes=\"(max-width: 800px) 100vw, 800px\" \/>\t\t\t\t\t\t\t\t\t\t\t\t\t\t\t<\/div>\n\t\t\t\t<\/div>\n\t\t\t\t<div class=\"elementor-element elementor-element-96b71fe elementor-widget elementor-widget-toggle\" data-id=\"96b71fe\" data-element_type=\"widget\" data-widget_type=\"toggle.default\">\n\t\t\t\t<div class=\"elementor-widget-container\">\n\t\t\t\t\t\t\t<div class=\"elementor-toggle\">\n\t\t\t\t\t\t\t<div class=\"elementor-toggle-item\">\n\t\t\t\t\t<div id=\"elementor-tab-title-1581\" class=\"elementor-tab-title\" data-tab=\"1\" role=\"button\" aria-controls=\"elementor-tab-content-1581\" aria-expanded=\"false\">\n\t\t\t\t\t\t\t\t\t\t\t\t<span class=\"elementor-toggle-icon elementor-toggle-icon-left\" aria-hidden=\"true\">\n\t\t\t\t\t\t\t\t\t\t\t\t\t\t\t<span class=\"elementor-toggle-icon-closed\"><i class=\"fas fa-caret-right\"><\/i><\/span>\n\t\t\t\t\t\t\t\t<span class=\"elementor-toggle-icon-opened\"><i class=\"elementor-toggle-icon-opened fas fa-caret-up\"><\/i><\/span>\n\t\t\t\t\t\t\t\t\t\t\t\t\t<\/span>\n\t\t\t\t\t\t\t\t\t\t\t\t<a class=\"elementor-toggle-title\" tabindex=\"0\">Dowiedz si\u0119 wi\u0119cej<\/a>\n\t\t\t\t\t<\/div>\n\n\t\t\t\t\t<div id=\"elementor-tab-content-1581\" class=\"elementor-tab-content elementor-clearfix\" data-tab=\"1\" role=\"region\" aria-labelledby=\"elementor-tab-title-1581\"><p>Iga \u015awi\u0105tek &#8211; Polska tenisistka. Zacz\u0119\u0142a trenowa\u0107 gr\u0119 w tenisa w wieku pi\u0119ciu lat. Wyst\u0119powa\u0142a w reprezentacji Polski w tenisie do lat 16. W 2016 roku, w wieku 15 lat,<br \/>przesz\u0142a na zawodowstwo i wygra\u0142a debiutancki turniej zawodowy ITF w Sztokholmie. Zwyci\u0119\u017cczyni turnieju French Open 2020, m\u0142odzie\u017cowa mistrzyni<br \/>olimpijska w grze podw\u00f3jnej Buenos Aires 2018, olimpijka z Tokio (2022) i Pary\u017ca (2022). C\u00f3rka olimpijczyka \u2013 Tomasza \u015awi\u0105tka (wio\u015blarstwo, Seul 1988). Jako 19-letnia tenisistka, zosta\u0142a sensacyjn\u0105 triumfatork\u0105 wielkoszlemowego turnieju<br \/>French Open jako pierwsza Polka w historii!<br \/><br \/><strong>Osi\u0105gni\u0119cia:<\/strong><br \/>Tytu\u0142y wielkoszlemowe<br \/>&#8211; French Open: 2020, 2022, 2023, 2024<br \/>&#8211; Wimbledon: 2025<br \/>&#8211; US Open: 2022<br \/>Pozosta\u0142e kluczowe sukcesy<br \/>&#8211; Zwyci\u0119stwo w WTA Finals: 2023<br \/>&#8211; Najlepsza zawodniczka w rankingu WTA: Po raz pierwszy zosta\u0142a liderk\u0105 4<br \/>kwietnia 2022 r.<br \/>&#8211; Medal olimpijski: Br\u0105z w deblu na Igrzyskach w Pary\u017cu 2024 r.<br \/>&#8211; Sukcesy w turniejach WTA 1000: M.in. wygrane w Dausze (2022), Indian Wells<br \/>(2022), Miami (2022) i Rzymie (2021)<br \/><br \/><strong>Cytat:<\/strong><br \/>&#8221; [&#8230;] nie nale\u017cy por\u00f3wnywa\u0107 swojej wersji roboczej do ich wersji ko\u0144cowej&#8221;<br \/>&#8222;Twoje tempo to nie wada. To Twoja przewaga&#8221;.<\/p><\/div>\n\t\t\t\t<\/div>\n\t\t\t\t\t\t\t\t<\/div>\n\t\t\t\t\t\t<\/div>\n\t\t\t\t<\/div>\n\t\t\t\t\t<\/div>\n\t\t<\/div>\n\t\t\t\t<div class=\"elementor-column elementor-col-33 elementor-top-column elementor-element elementor-element-cf3939c\" data-id=\"cf3939c\" data-element_type=\"column\">\n\t\t\t<div class=\"elementor-widget-wrap elementor-element-populated\">\n\t\t\t\t\t\t<div class=\"elementor-element elementor-element-880c71a elementor-widget elementor-widget-image\" data-id=\"880c71a\" data-element_type=\"widget\" data-widget_type=\"image.default\">\n\t\t\t\t<div class=\"elementor-widget-container\">\n\t\t\t\t\t\t\t\t\t\t\t\t\t\t\t<img loading=\"lazy\" decoding=\"async\" width=\"800\" height=\"800\" src=\"https:\/\/eduspektrum.pl\/wp-content\/uploads\/2025\/11\/6-1024x1024.png\" class=\"attachment-large size-large wp-image-3813\" alt=\"\" srcset=\"https:\/\/eduspektrum.pl\/wp-content\/uploads\/2025\/11\/6-1024x1024.png 1024w, https:\/\/eduspektrum.pl\/wp-content\/uploads\/2025\/11\/6-300x300.png 300w, https:\/\/eduspektrum.pl\/wp-content\/uploads\/2025\/11\/6-150x150.png 150w, https:\/\/eduspektrum.pl\/wp-content\/uploads\/2025\/11\/6-768x768.png 768w, https:\/\/eduspektrum.pl\/wp-content\/uploads\/2025\/11\/6-600x600.png 600w, https:\/\/eduspektrum.pl\/wp-content\/uploads\/2025\/11\/6-100x100.png 100w, https:\/\/eduspektrum.pl\/wp-content\/uploads\/2025\/11\/6.png 1080w\" sizes=\"(max-width: 800px) 100vw, 800px\" \/>\t\t\t\t\t\t\t\t\t\t\t\t\t\t\t<\/div>\n\t\t\t\t<\/div>\n\t\t\t\t<div class=\"elementor-element elementor-element-984ebdb elementor-widget elementor-widget-toggle\" data-id=\"984ebdb\" data-element_type=\"widget\" data-widget_type=\"toggle.default\">\n\t\t\t\t<div class=\"elementor-widget-container\">\n\t\t\t\t\t\t\t<div class=\"elementor-toggle\">\n\t\t\t\t\t\t\t<div class=\"elementor-toggle-item\">\n\t\t\t\t\t<div id=\"elementor-tab-title-1591\" class=\"elementor-tab-title\" data-tab=\"1\" role=\"button\" aria-controls=\"elementor-tab-content-1591\" aria-expanded=\"false\">\n\t\t\t\t\t\t\t\t\t\t\t\t<span class=\"elementor-toggle-icon elementor-toggle-icon-left\" aria-hidden=\"true\">\n\t\t\t\t\t\t\t\t\t\t\t\t\t\t\t<span class=\"elementor-toggle-icon-closed\"><i class=\"fas fa-caret-right\"><\/i><\/span>\n\t\t\t\t\t\t\t\t<span class=\"elementor-toggle-icon-opened\"><i class=\"elementor-toggle-icon-opened fas fa-caret-up\"><\/i><\/span>\n\t\t\t\t\t\t\t\t\t\t\t\t\t<\/span>\n\t\t\t\t\t\t\t\t\t\t\t\t<a class=\"elementor-toggle-title\" tabindex=\"0\">Dowiedz si\u0119 wi\u0119cej<\/a>\n\t\t\t\t\t<\/div>\n\n\t\t\t\t\t<div id=\"elementor-tab-content-1591\" class=\"elementor-tab-content elementor-clearfix\" data-tab=\"1\" role=\"region\" aria-labelledby=\"elementor-tab-title-1591\"><p><strong>Aleksandra Miros\u0142aw<\/strong> urodzi\u0142a si\u0119 2 lutego 1994 roku w Lublinie. Polska wspinaczka sportowa specjalizuj\u0105ca si\u0119 we wspinaczce na czas. Trzykrotnie pobi\u0142a rekord<br \/>\u015bwiata w swojej dyscyplinie. Aleksandra Miros\u0142aw jest r\u00f3wnie\u017c \u017co\u0142nierk\u0105 Wojska<br \/>Polskiego, \u0142\u0105czy z powodzeniem s\u0142u\u017cb\u0119 i pasj\u0119 do sportu.<\/p><p><br \/><strong>Osi\u0105gni\u0119cia:<\/strong><br \/>&#8211; Mistrzyni olimpijska z 2025 roku<br \/>&#8211; 3-krotna mistrzyni \u015bwiata (2018, 2019, 2025)<br \/>&#8211; 2-krotna mistrzyni Europy (2019, 2022)<br \/>&#8211; 3-krotna mistrzyni \u015bwiata U20 (2009, 2011, 2013)<br \/><br \/><strong>Cytat:<\/strong><br \/>&#8222;W sporcie nic si\u0119 nie nale\u017cy i nic nie jest obiecane. Wszystko trzeba wybiega\u0107&#8221;<br \/>&#8222;Gdy pope\u0142ni\u0119 b\u0142\u0105d po prostu staram si\u0119 jak najszybciej wr\u00f3ci\u0107 do swojego rytmu&#8221;<\/p><\/div>\n\t\t\t\t<\/div>\n\t\t\t\t\t\t\t\t<\/div>\n\t\t\t\t\t\t<\/div>\n\t\t\t\t<\/div>\n\t\t\t\t\t<\/div>\n\t\t<\/div>\n\t\t\t\t\t<\/div>\n\t\t<\/section>\n\t\t\t\t<section class=\"elementor-section elementor-top-section elementor-element elementor-element-2292248 elementor-section-boxed elementor-section-height-default elementor-section-height-default\" data-id=\"2292248\" data-element_type=\"section\" data-settings=\"{&quot;_ha_eqh_enable&quot;:false}\">\n\t\t\t\t\t\t<div class=\"elementor-container elementor-column-gap-default\">\n\t\t\t\t\t<div class=\"elementor-column elementor-col-33 elementor-top-column elementor-element elementor-element-054cb36\" data-id=\"054cb36\" data-element_type=\"column\">\n\t\t\t<div class=\"elementor-widget-wrap elementor-element-populated\">\n\t\t\t\t\t\t<div class=\"elementor-element elementor-element-5c864cf elementor-widget elementor-widget-image\" data-id=\"5c864cf\" data-element_type=\"widget\" data-widget_type=\"image.default\">\n\t\t\t\t<div class=\"elementor-widget-container\">\n\t\t\t\t\t\t\t\t\t\t\t\t\t\t\t<img loading=\"lazy\" decoding=\"async\" width=\"800\" height=\"800\" src=\"https:\/\/eduspektrum.pl\/wp-content\/uploads\/2025\/11\/7-1024x1024.png\" class=\"attachment-large size-large wp-image-3814\" alt=\"\" srcset=\"https:\/\/eduspektrum.pl\/wp-content\/uploads\/2025\/11\/7-1024x1024.png 1024w, https:\/\/eduspektrum.pl\/wp-content\/uploads\/2025\/11\/7-300x300.png 300w, https:\/\/eduspektrum.pl\/wp-content\/uploads\/2025\/11\/7-150x150.png 150w, https:\/\/eduspektrum.pl\/wp-content\/uploads\/2025\/11\/7-768x768.png 768w, https:\/\/eduspektrum.pl\/wp-content\/uploads\/2025\/11\/7-600x600.png 600w, https:\/\/eduspektrum.pl\/wp-content\/uploads\/2025\/11\/7-100x100.png 100w, https:\/\/eduspektrum.pl\/wp-content\/uploads\/2025\/11\/7.png 1080w\" sizes=\"(max-width: 800px) 100vw, 800px\" \/>\t\t\t\t\t\t\t\t\t\t\t\t\t\t\t<\/div>\n\t\t\t\t<\/div>\n\t\t\t\t<div class=\"elementor-element elementor-element-7dc9004 elementor-widget elementor-widget-toggle\" data-id=\"7dc9004\" data-element_type=\"widget\" data-widget_type=\"toggle.default\">\n\t\t\t\t<div class=\"elementor-widget-container\">\n\t\t\t\t\t\t\t<div class=\"elementor-toggle\">\n\t\t\t\t\t\t\t<div class=\"elementor-toggle-item\">\n\t\t\t\t\t<div id=\"elementor-tab-title-1311\" class=\"elementor-tab-title\" data-tab=\"1\" role=\"button\" aria-controls=\"elementor-tab-content-1311\" aria-expanded=\"false\">\n\t\t\t\t\t\t\t\t\t\t\t\t<span class=\"elementor-toggle-icon elementor-toggle-icon-left\" aria-hidden=\"true\">\n\t\t\t\t\t\t\t\t\t\t\t\t\t\t\t<span class=\"elementor-toggle-icon-closed\"><i class=\"fas fa-caret-right\"><\/i><\/span>\n\t\t\t\t\t\t\t\t<span class=\"elementor-toggle-icon-opened\"><i class=\"elementor-toggle-icon-opened fas fa-caret-up\"><\/i><\/span>\n\t\t\t\t\t\t\t\t\t\t\t\t\t<\/span>\n\t\t\t\t\t\t\t\t\t\t\t\t<a class=\"elementor-toggle-title\" tabindex=\"0\">Dowiedz si\u0119 wi\u0119cej<\/a>\n\t\t\t\t\t<\/div>\n\n\t\t\t\t\t<div id=\"elementor-tab-content-1311\" class=\"elementor-tab-content elementor-clearfix\" data-tab=\"1\" role=\"region\" aria-labelledby=\"elementor-tab-title-1311\"><p><strong>Adam Ma\u0142ysz<\/strong> (ur. 3 grudnia 1977 r. w Wi\u015ble) \u2013 polski skoczek narciarski, jeden z najwybitniejszych sportowc\u00f3w w historii Polski. Po zako\u0144czeniu kariery skoczka zosta\u0142 kierowc\u0105 rajdowym, a nast\u0119pnie dzia\u0142aczem sportowym i prezesem Polskiego<br \/>Zwi\u0105zku Narciarskiego.<br \/><br \/><strong>Osi\u0105gni\u0119cia:<\/strong><br \/>&#8211; 4 kryszta\u0142owe kule za zwyci\u0119stwo w klasyfikacji generalnej Pucharu \u015awiata<br \/>(2001, 2002, 2003, 2007)<br \/>&#8211; 4 medale olimpijskie (3 srebrne, 1 br\u0105zowy)<br \/>&#8211; 4 tytu\u0142y mistrza \u015bwiata<br \/>&#8211; 39 zwyci\u0119stw w konkursach Pucharu \u015awiata<br \/>&#8211; Wielokrotnie wybierany Sportowcem Roku w Polsce<br \/><br \/><strong>Cytat:<\/strong><br \/>\u201eNie ma rzeczy niemo\u017cliwych \u2013 s\u0105 tylko te, kt\u00f3rych jeszcze nie spr\u00f3bowali\u015bmy.\u201d<br \/>\u201eSukces to wynik ci\u0119\u017ckiej pracy, a nie szcz\u0119\u015bcia.\u201d<br \/>\u201ePora\u017cka nie jest ko\u0144cem, tylko lekcj\u0105, kt\u00f3ra uczy, jak by\u0107 lepszym.\u201d<\/p><\/div>\n\t\t\t\t<\/div>\n\t\t\t\t\t\t\t\t<\/div>\n\t\t\t\t\t\t<\/div>\n\t\t\t\t<\/div>\n\t\t\t\t\t<\/div>\n\t\t<\/div>\n\t\t\t\t<div class=\"elementor-column elementor-col-33 elementor-top-column elementor-element elementor-element-02b1664\" data-id=\"02b1664\" data-element_type=\"column\">\n\t\t\t<div class=\"elementor-widget-wrap elementor-element-populated\">\n\t\t\t\t\t\t<div class=\"elementor-element elementor-element-1fcd30c elementor-widget elementor-widget-image\" data-id=\"1fcd30c\" data-element_type=\"widget\" data-widget_type=\"image.default\">\n\t\t\t\t<div class=\"elementor-widget-container\">\n\t\t\t\t\t\t\t\t\t\t\t\t\t\t\t<img loading=\"lazy\" decoding=\"async\" width=\"800\" height=\"800\" src=\"https:\/\/eduspektrum.pl\/wp-content\/uploads\/2025\/11\/10-1024x1024.png\" class=\"attachment-large size-large wp-image-3817\" alt=\"\" srcset=\"https:\/\/eduspektrum.pl\/wp-content\/uploads\/2025\/11\/10-1024x1024.png 1024w, https:\/\/eduspektrum.pl\/wp-content\/uploads\/2025\/11\/10-300x300.png 300w, https:\/\/eduspektrum.pl\/wp-content\/uploads\/2025\/11\/10-150x150.png 150w, https:\/\/eduspektrum.pl\/wp-content\/uploads\/2025\/11\/10-768x768.png 768w, https:\/\/eduspektrum.pl\/wp-content\/uploads\/2025\/11\/10-600x600.png 600w, https:\/\/eduspektrum.pl\/wp-content\/uploads\/2025\/11\/10-100x100.png 100w, https:\/\/eduspektrum.pl\/wp-content\/uploads\/2025\/11\/10.png 1080w\" sizes=\"(max-width: 800px) 100vw, 800px\" \/>\t\t\t\t\t\t\t\t\t\t\t\t\t\t\t<\/div>\n\t\t\t\t<\/div>\n\t\t\t\t<div class=\"elementor-element elementor-element-7e3362c elementor-widget elementor-widget-toggle\" data-id=\"7e3362c\" data-element_type=\"widget\" data-widget_type=\"toggle.default\">\n\t\t\t\t<div class=\"elementor-widget-container\">\n\t\t\t\t\t\t\t<div class=\"elementor-toggle\">\n\t\t\t\t\t\t\t<div class=\"elementor-toggle-item\">\n\t\t\t\t\t<div id=\"elementor-tab-title-1321\" class=\"elementor-tab-title\" data-tab=\"1\" role=\"button\" aria-controls=\"elementor-tab-content-1321\" aria-expanded=\"false\">\n\t\t\t\t\t\t\t\t\t\t\t\t<span class=\"elementor-toggle-icon elementor-toggle-icon-left\" aria-hidden=\"true\">\n\t\t\t\t\t\t\t\t\t\t\t\t\t\t\t<span class=\"elementor-toggle-icon-closed\"><i class=\"fas fa-caret-right\"><\/i><\/span>\n\t\t\t\t\t\t\t\t<span class=\"elementor-toggle-icon-opened\"><i class=\"elementor-toggle-icon-opened fas fa-caret-up\"><\/i><\/span>\n\t\t\t\t\t\t\t\t\t\t\t\t\t<\/span>\n\t\t\t\t\t\t\t\t\t\t\t\t<a class=\"elementor-toggle-title\" tabindex=\"0\">Dowiedz si\u0119 wi\u0119cej<\/a>\n\t\t\t\t\t<\/div>\n\n\t\t\t\t\t<div id=\"elementor-tab-content-1321\" class=\"elementor-tab-content elementor-clearfix\" data-tab=\"1\" role=\"region\" aria-labelledby=\"elementor-tab-title-1321\"><p>Polska lekkoatletka specjalizuj\u0105ca si\u0119 w biegu na 400 metr\u00f3w, multimedalistka<br \/>olimpijska. \u017bo\u0142nierz zawodowy Wojska Polskiego. Wychowanka ALKS AJP Gorz\u00f3w Wielkopolski. W 2021 zosta\u0142a odznaczona Krzy\u017cem Oficerskim Orderu Odrodzenia Polski. Zosta\u0142a najlepszym sportowcem Dolnego \u015al\u0105ska w 2021 roku w plebiscycie Gazety Wroc\u0142awskiej. Zaj\u0119\u0142a czwarte miejsce w 89. Plebiscycie \u201ePrzegl\u0105du<br \/>Sportowego\u201d na najlepszego sportowca roku w 2023] i drugie miejsce w 90. edycji plebiscytu w 2024.<br \/><br \/><strong>Osi\u0105gni\u0119cia:<\/strong><br \/>&#8211; ustanowienie rekord\u00f3w Polski w biegu na 400 metr\u00f3w: 48.90 sekundy na<br \/>stadionie w Londynie w 2024 roku oraz 50.83 sekundy w hali w Toruniu w<br \/>2023 roku.<br \/>&#8211; z\u0142oty medal na Mistrzostwach Europy w Rzymie w 2023 roku w biegu na 400 metr\u00f3w, ustanawiaj\u0105c rekord kraju z czasem 48.98 sekundy.<br \/>&#8211; srebrne medale z Mistrzostw Europy w Monachium w 2022 roku oraz z Mistrzostw \u015awiata w Budapeszcie w 2023 roku, w biegu na 400 metr\u00f3w.<br \/>&#8211; z\u0142oty i srebrny medal olimpijski z Tokio w 2020 roku<br \/>&#8211; br\u0105zowy medal olimpijski z Pary\u017ca w 2024 roku<br \/><br \/><strong>Cytat:<\/strong><br \/>&#8222;Zdrowy styl \u017cycia to nie same wyrzeczenia, ale przede wszystkim r\u00f3wnowaga&#8221;<\/p><\/div>\n\t\t\t\t<\/div>\n\t\t\t\t\t\t\t\t<\/div>\n\t\t\t\t\t\t<\/div>\n\t\t\t\t<\/div>\n\t\t\t\t\t<\/div>\n\t\t<\/div>\n\t\t\t\t<div class=\"elementor-column elementor-col-33 elementor-top-column elementor-element elementor-element-12f1a4e\" data-id=\"12f1a4e\" data-element_type=\"column\">\n\t\t\t<div class=\"elementor-widget-wrap elementor-element-populated\">\n\t\t\t\t\t\t<div class=\"elementor-element elementor-element-d4f7297 elementor-widget elementor-widget-image\" data-id=\"d4f7297\" data-element_type=\"widget\" data-widget_type=\"image.default\">\n\t\t\t\t<div class=\"elementor-widget-container\">\n\t\t\t\t\t\t\t\t\t\t\t\t\t\t\t<img loading=\"lazy\" decoding=\"async\" width=\"800\" height=\"800\" src=\"https:\/\/eduspektrum.pl\/wp-content\/uploads\/2025\/11\/8-1024x1024.png\" class=\"attachment-large size-large wp-image-3815\" alt=\"\" srcset=\"https:\/\/eduspektrum.pl\/wp-content\/uploads\/2025\/11\/8-1024x1024.png 1024w, https:\/\/eduspektrum.pl\/wp-content\/uploads\/2025\/11\/8-300x300.png 300w, https:\/\/eduspektrum.pl\/wp-content\/uploads\/2025\/11\/8-150x150.png 150w, https:\/\/eduspektrum.pl\/wp-content\/uploads\/2025\/11\/8-768x768.png 768w, https:\/\/eduspektrum.pl\/wp-content\/uploads\/2025\/11\/8-600x600.png 600w, https:\/\/eduspektrum.pl\/wp-content\/uploads\/2025\/11\/8-100x100.png 100w, https:\/\/eduspektrum.pl\/wp-content\/uploads\/2025\/11\/8.png 1080w\" sizes=\"(max-width: 800px) 100vw, 800px\" \/>\t\t\t\t\t\t\t\t\t\t\t\t\t\t\t<\/div>\n\t\t\t\t<\/div>\n\t\t\t\t<div class=\"elementor-element elementor-element-9cf7fcb elementor-widget elementor-widget-toggle\" data-id=\"9cf7fcb\" data-element_type=\"widget\" data-widget_type=\"toggle.default\">\n\t\t\t\t<div class=\"elementor-widget-container\">\n\t\t\t\t\t\t\t<div class=\"elementor-toggle\">\n\t\t\t\t\t\t\t<div class=\"elementor-toggle-item\">\n\t\t\t\t\t<div id=\"elementor-tab-title-1641\" class=\"elementor-tab-title\" data-tab=\"1\" role=\"button\" aria-controls=\"elementor-tab-content-1641\" aria-expanded=\"false\">\n\t\t\t\t\t\t\t\t\t\t\t\t<span class=\"elementor-toggle-icon elementor-toggle-icon-left\" aria-hidden=\"true\">\n\t\t\t\t\t\t\t\t\t\t\t\t\t\t\t<span class=\"elementor-toggle-icon-closed\"><i class=\"fas fa-caret-right\"><\/i><\/span>\n\t\t\t\t\t\t\t\t<span class=\"elementor-toggle-icon-opened\"><i class=\"elementor-toggle-icon-opened fas fa-caret-up\"><\/i><\/span>\n\t\t\t\t\t\t\t\t\t\t\t\t\t<\/span>\n\t\t\t\t\t\t\t\t\t\t\t\t<a class=\"elementor-toggle-title\" tabindex=\"0\">Dowiedz si\u0119 wi\u0119cej<\/a>\n\t\t\t\t\t<\/div>\n\n\t\t\t\t\t<div id=\"elementor-tab-content-1641\" class=\"elementor-tab-content elementor-clearfix\" data-tab=\"1\" role=\"region\" aria-labelledby=\"elementor-tab-title-1641\"><p><strong>Tomasz Majewski<\/strong> \u2013 Polski lekkoatleta, specjalista w pchni\u0119ciu kul\u0105, dwukrotny mistrz olimpijski. Urodzi\u0142 si\u0119 30 sierpnia 1981 roku w Nasielsku, pochodzi ze wsi<br \/>S\u0142o\u0144czewo niedaleko Warszawy. Swoj\u0105 przygod\u0119 z pchni\u0119ciem kul\u0105 rozpocz\u0105\u0142 w wieku 15 lat, a pierwsze sukcesy odnosi\u0142 pod koniec liceum. Reprezentowa\u0142 kluby WMKS P\u0142o\u0144sk, Skr\u0119 Warszawa, Warszawiank\u0119 oraz AZS AWF Warszawa. Trenowa\u0142 pod okiem Witolda Suskiego i Henryka Olszewskiego. Jest pierwszym i jedynym<br \/>Europejczykiem, kt\u00f3ry obroni\u0142 tytu\u0142 mistrza olimpijskiego w pchni\u0119ciu kul\u0105. Ustanowi\u0142 7 rekord\u00f3w kraju, a jego wzrost to imponuj\u0105ce 204 cm. Swoj\u0105 sportow\u0105 karier\u0119 zako\u0144czy\u0142 5 wrze\u015bnia 2016 roku w Zagrzebiu podczas Memoria\u0142u Borisa Han\u017eekovi\u0107a, godnie \u017cegnaj\u0105c si\u0119 z aren\u0105 mi\u0119dzynarodow\u0105.<br \/><br \/><strong>Osi\u0105gni\u0119cia:<\/strong><br \/>&#8211; 2-krotny mistrz olimpijski (2008, 2012)<br \/>&#8211; 13 &#8211; krotny mistrz Polski,<br \/><br \/><strong>Cytat:<\/strong><br \/>\u201eWi\u0119kszo\u015b\u0107 ludzi jest leniwych i bez pomocy drugiej osoby nie umie w pe\u0142ni wykrzesa\u0107<br \/>swojego potencja\u0142u.\u201d<\/p><p>\u201eMoja forma ros\u0142a, a rywali niekoniecznie. &#8230; Zgubi\u0142y mnie pycha i pewno\u015b\u0107 siebie.<br \/>Powinienem spokojnie wygra\u0107. Zamiast tego by\u0142a wielka pora\u017cka, ale przynajmniej<br \/>wyci\u0105gn\u0105\u0142em z niej wnioski.\u201d<\/p><\/div>\n\t\t\t\t<\/div>\n\t\t\t\t\t\t\t\t<\/div>\n\t\t\t\t\t\t<\/div>\n\t\t\t\t<\/div>\n\t\t\t\t\t<\/div>\n\t\t<\/div>\n\t\t\t\t\t<\/div>\n\t\t<\/section>\n\t\t\t\t<section class=\"elementor-section elementor-top-section elementor-element elementor-element-3a5cbc0 elementor-section-boxed elementor-section-height-default elementor-section-height-default\" data-id=\"3a5cbc0\" data-element_type=\"section\" data-settings=\"{&quot;_ha_eqh_enable&quot;:false}\">\n\t\t\t\t\t\t<div class=\"elementor-container elementor-column-gap-default\">\n\t\t\t\t\t<div class=\"elementor-column elementor-col-33 elementor-top-column elementor-element elementor-element-7f2950c\" data-id=\"7f2950c\" data-element_type=\"column\">\n\t\t\t<div class=\"elementor-widget-wrap elementor-element-populated\">\n\t\t\t\t\t\t<div class=\"elementor-element elementor-element-c230890 elementor-widget elementor-widget-image\" data-id=\"c230890\" data-element_type=\"widget\" data-widget_type=\"image.default\">\n\t\t\t\t<div class=\"elementor-widget-container\">\n\t\t\t\t\t\t\t\t\t\t\t\t\t\t\t<img loading=\"lazy\" decoding=\"async\" width=\"800\" height=\"800\" src=\"https:\/\/eduspektrum.pl\/wp-content\/uploads\/2025\/11\/9-1024x1024.png\" class=\"attachment-large size-large wp-image-3816\" alt=\"\" srcset=\"https:\/\/eduspektrum.pl\/wp-content\/uploads\/2025\/11\/9-1024x1024.png 1024w, https:\/\/eduspektrum.pl\/wp-content\/uploads\/2025\/11\/9-300x300.png 300w, https:\/\/eduspektrum.pl\/wp-content\/uploads\/2025\/11\/9-150x150.png 150w, https:\/\/eduspektrum.pl\/wp-content\/uploads\/2025\/11\/9-768x768.png 768w, https:\/\/eduspektrum.pl\/wp-content\/uploads\/2025\/11\/9-600x600.png 600w, https:\/\/eduspektrum.pl\/wp-content\/uploads\/2025\/11\/9-100x100.png 100w, https:\/\/eduspektrum.pl\/wp-content\/uploads\/2025\/11\/9.png 1080w\" sizes=\"(max-width: 800px) 100vw, 800px\" \/>\t\t\t\t\t\t\t\t\t\t\t\t\t\t\t<\/div>\n\t\t\t\t<\/div>\n\t\t\t\t<div class=\"elementor-element elementor-element-035eb97 elementor-widget elementor-widget-toggle\" data-id=\"035eb97\" data-element_type=\"widget\" data-widget_type=\"toggle.default\">\n\t\t\t\t<div class=\"elementor-widget-container\">\n\t\t\t\t\t\t\t<div class=\"elementor-toggle\">\n\t\t\t\t\t\t\t<div class=\"elementor-toggle-item\">\n\t\t\t\t\t<div id=\"elementor-tab-title-3531\" class=\"elementor-tab-title\" data-tab=\"1\" role=\"button\" aria-controls=\"elementor-tab-content-3531\" aria-expanded=\"false\">\n\t\t\t\t\t\t\t\t\t\t\t\t<span class=\"elementor-toggle-icon elementor-toggle-icon-left\" aria-hidden=\"true\">\n\t\t\t\t\t\t\t\t\t\t\t\t\t\t\t<span class=\"elementor-toggle-icon-closed\"><i class=\"fas fa-caret-right\"><\/i><\/span>\n\t\t\t\t\t\t\t\t<span class=\"elementor-toggle-icon-opened\"><i class=\"elementor-toggle-icon-opened fas fa-caret-up\"><\/i><\/span>\n\t\t\t\t\t\t\t\t\t\t\t\t\t<\/span>\n\t\t\t\t\t\t\t\t\t\t\t\t<a class=\"elementor-toggle-title\" tabindex=\"0\">Dowiedz si\u0119 wi\u0119cej<\/a>\n\t\t\t\t\t<\/div>\n\n\t\t\t\t\t<div id=\"elementor-tab-content-3531\" class=\"elementor-tab-content elementor-clearfix\" data-tab=\"1\" role=\"region\" aria-labelledby=\"elementor-tab-title-3531\"><p><strong>Halina Konopacka<\/strong> (1900\u20131989) (w\u0142a\u015bc. Leonarda Kazimiera<br \/>Konopacka-Matuszewska-Szczerbi\u0144ska) \u2013 dama z wy\u017cszych sfer, poetka, malarka i wszechstronna lekkoatletka. Pierwsza polska mistrzyni olimpijska \u2013 zdoby\u0142a z\u0142oty<br \/>medal w rzucie dyskiem na Igrzyskach IX Olimpiady w Amsterdamie (1928),<br \/>ustanawiaj\u0105c rekord \u015bwiata. Mierzy\u0142a 181 cm, wyr\u00f3\u017cnia\u0142a si\u0119 smuk\u0142\u0105 sylwetk\u0105 i<br \/>znakomitymi predyspozycjami fizycznymi. Uprawia\u0142a wiele dyscyplin sportowych: biegi sprinterskie, pchni\u0119cie kul\u0105, rzut oszczepem, skok wzwy\u017c, wieloboje, a tak\u017ce<br \/>koszyk\u00f3wk\u0119 i hazen\u0119 (damsk\u0105 odmian\u0119 pi\u0142ki r\u0119cznej). Pasjonowa\u0142a si\u0119 r\u00f3wnie\u017c motoryzacj\u0105.<br \/><br \/><strong>Osi\u0105gni\u0119cia:<\/strong><br \/>&#8211; Z\u0142oty medal olimpijski (Amsterdam, 1928) \u2013 rzut dyskiem na odleg\u0142o\u015b\u0107 39,62<br \/>m, co stanowi\u0142o rekord \u015bwiata; by\u0142 to pierwszy z\u0142oty medal olimpijski w historii<br \/>Polski (31 lipca 1928 r.).<br \/>&#8211; 7-krotna rekordzistka \u015bwiata w konkurencjach: rzut dyskiem i pchni\u0119cie kul\u0105.<br \/>&#8211; 56-krotna rekordzistka Polski w wielu konkurencjach (kula, dysk, oszczep, tr\u00f3jb\u00f3j, pi\u0119ciob\u00f3j, sztafety).<br \/>&#8211; 26-krotna mistrzyni Polski, m.in. w pchni\u0119ciu kul\u0105 (1924\u20131928) oraz w rzucie dyskiem (1924\u20131928, 1930, 1931).<br \/>&#8211; 5-krotna reprezentantka Polski w meczach mi\u0119dzypa\u0144stwowych<br \/>(1927\u20131931).<br \/><br \/><strong>Cytat:<\/strong><br \/>,,Wzi\u0119\u0142am do r\u0119ki dysk i ju\u017c po paru rzutach ustanowi\u0142am rekord Polski (&#8230;). Po paru<br \/>miesi\u0105cach pobi\u0142am rekord \u015bwiata, o kt\u00f3rym nie mia\u0142am poj\u0119cia.\u201d<br \/>,,Wielostronno\u015b\u0107 zainteresowa\u0144 sportowych pozwoli\u0142a mi na wszechstronne rozwini\u0119cie si\u0142 fizycznych i cech psychicznych, kt\u00f3re w sportowej walce odgrywaj\u0105<br \/>niepo\u015bledni\u0105 rol\u0119.\u201d<\/p><\/div>\n\t\t\t\t<\/div>\n\t\t\t\t\t\t\t\t<\/div>\n\t\t\t\t\t\t<\/div>\n\t\t\t\t<\/div>\n\t\t\t\t\t<\/div>\n\t\t<\/div>\n\t\t\t\t<div class=\"elementor-column elementor-col-33 elementor-top-column elementor-element elementor-element-3ffbcff\" data-id=\"3ffbcff\" data-element_type=\"column\">\n\t\t\t<div class=\"elementor-widget-wrap elementor-element-populated\">\n\t\t\t\t\t\t<div class=\"elementor-element elementor-element-a99d872 elementor-widget elementor-widget-image\" data-id=\"a99d872\" data-element_type=\"widget\" data-widget_type=\"image.default\">\n\t\t\t\t<div class=\"elementor-widget-container\">\n\t\t\t\t\t\t\t\t\t\t\t\t\t\t\t<img loading=\"lazy\" decoding=\"async\" width=\"800\" height=\"800\" src=\"https:\/\/eduspektrum.pl\/wp-content\/uploads\/2025\/11\/1-1-1024x1024.png\" class=\"attachment-large size-large wp-image-3808\" alt=\"\" srcset=\"https:\/\/eduspektrum.pl\/wp-content\/uploads\/2025\/11\/1-1-1024x1024.png 1024w, https:\/\/eduspektrum.pl\/wp-content\/uploads\/2025\/11\/1-1-300x300.png 300w, https:\/\/eduspektrum.pl\/wp-content\/uploads\/2025\/11\/1-1-150x150.png 150w, https:\/\/eduspektrum.pl\/wp-content\/uploads\/2025\/11\/1-1-768x768.png 768w, https:\/\/eduspektrum.pl\/wp-content\/uploads\/2025\/11\/1-1-600x600.png 600w, https:\/\/eduspektrum.pl\/wp-content\/uploads\/2025\/11\/1-1-100x100.png 100w, https:\/\/eduspektrum.pl\/wp-content\/uploads\/2025\/11\/1-1.png 1080w\" sizes=\"(max-width: 800px) 100vw, 800px\" \/>\t\t\t\t\t\t\t\t\t\t\t\t\t\t\t<\/div>\n\t\t\t\t<\/div>\n\t\t\t\t<div class=\"elementor-element elementor-element-a374f06 elementor-widget elementor-widget-toggle\" data-id=\"a374f06\" data-element_type=\"widget\" data-widget_type=\"toggle.default\">\n\t\t\t\t<div class=\"elementor-widget-container\">\n\t\t\t\t\t\t\t<div class=\"elementor-toggle\">\n\t\t\t\t\t\t\t<div class=\"elementor-toggle-item\">\n\t\t\t\t\t<div id=\"elementor-tab-title-1711\" class=\"elementor-tab-title\" data-tab=\"1\" role=\"button\" aria-controls=\"elementor-tab-content-1711\" aria-expanded=\"false\">\n\t\t\t\t\t\t\t\t\t\t\t\t<span class=\"elementor-toggle-icon elementor-toggle-icon-left\" aria-hidden=\"true\">\n\t\t\t\t\t\t\t\t\t\t\t\t\t\t\t<span class=\"elementor-toggle-icon-closed\"><i class=\"fas fa-caret-right\"><\/i><\/span>\n\t\t\t\t\t\t\t\t<span class=\"elementor-toggle-icon-opened\"><i class=\"elementor-toggle-icon-opened fas fa-caret-up\"><\/i><\/span>\n\t\t\t\t\t\t\t\t\t\t\t\t\t<\/span>\n\t\t\t\t\t\t\t\t\t\t\t\t<a class=\"elementor-toggle-title\" tabindex=\"0\">Dowiedz si\u0119 wi\u0119cej<\/a>\n\t\t\t\t\t<\/div>\n\n\t\t\t\t\t<div id=\"elementor-tab-content-1711\" class=\"elementor-tab-content elementor-clearfix\" data-tab=\"1\" role=\"region\" aria-labelledby=\"elementor-tab-title-1711\"><p><strong>Irena Szewi\u0144ska<\/strong> &#8211; Magister ekonomii, najlepsza lekkoatletka w dziejach polskiego<br \/>sportu, 7-krotna medalistka olimpijska, rekordzistka Polski, Europy i \u015bwiata (100, 200, 400, w skoku w dal, sztafetach), najlepsza sportsmenka \u015bwiata (1974), dzia\u0142aczka polskiego i mi\u0119dzynarodowego ruchu sportowego, cz\u0142onek MKOl.<br \/>Urodzona 24 maja 1946 w Leningradzie (obecnie St. Petersburg), absolwentka<br \/>warszawskich szk\u00f3\u0142: podstawowej nr 19 przy ul. Zakroczymskiej, Liceum im.<br \/>Jaros\u0142awa D\u0105browskiego i Wydzia\u0142u Nauk Spo\u0142ecznych UW, gdzie otrzyma\u0142a tytu\u0142<br \/>magistra ekonomii (1970, specjalizacja ekonomia transportu). Lekkoatletka (176 cm, 60 kg) sto\u0142ecznej Polonii (1961-1980), podopieczna Janusza Szewi\u0144skiego i Gerarda<br \/>Macha, specjalizuj\u0105ca si\u0119 w biegach sprinterskich (100, 200, 400), ale skacz\u0105ca<br \/>r\u00f3wnie\u017c w dal; startowa\u0142a tak\u017ce w biegach przez p\u0142otki i w 5-boju. Zmar\u0142a 29 czerwca 2018 roku w Warszawie, po d\u0142ugiej chorobie, z kt\u00f3r\u0105 walczy\u0142a od wielu lat.<br \/><br \/><strong>Osi\u0105gni\u0119cia:<\/strong><br \/>&#8211; 7-krotna medalistka olimpijska (1964, 1968, 1972, 1976)<br \/>&#8211; 50-krotna reprezentantka Polski w meczach mi\u0119dzypa\u0144stwowych 1963-1980<br \/>&#8211; 12-krotna rekordzistka \u015bwiata<br \/>&#8211; 5-krotna rekordzistka Europy<br \/>&#8211; 54-krotna rekordzistka Polski<br \/>&#8211; 23-krotna mistrzyni kraju.<br \/>&#8211; 4-krotna uczestniczka mistrzostw Europy, podczas kt\u00f3rych zdoby\u0142a 10 medali.<br \/><br \/><strong>Cytaty:<\/strong><br \/>&#8222;Sport jest fantastycznym wynalazkiem&#8221;,<br \/>&#8222;najwa\u017cniejsze w tym wszystkim s\u0105 dzieci. Je\u015bli zasmakuj\u0105 jakiejkolwiek konkurencji, dyscypliny czy aktywno\u015bci fizycznej, to mo\u017cemy mie\u0107 pewno\u015b\u0107 i cieszy\u0107 si\u0119, \u017ce wchodz\u0105 na pi\u0119kn\u0105 drog\u0119&#8221;, &#8222;Sport jest demokratyczny i sprawiedliwy. Jest zaprzeczeniem fa\u0142szu, przemocy i hipokryzji. Jest aktem dzielno\u015bci i po\u015bwi\u0119cenia&#8221;<\/p><\/div>\n\t\t\t\t<\/div>\n\t\t\t\t\t\t\t\t<\/div>\n\t\t\t\t\t\t<\/div>\n\t\t\t\t<\/div>\n\t\t\t\t\t<\/div>\n\t\t<\/div>\n\t\t\t\t<div class=\"elementor-column elementor-col-33 elementor-top-column elementor-element elementor-element-ad11b74\" data-id=\"ad11b74\" data-element_type=\"column\">\n\t\t\t<div class=\"elementor-widget-wrap elementor-element-populated\">\n\t\t\t\t\t\t<div class=\"elementor-element elementor-element-996d8f2 elementor-widget elementor-widget-image\" data-id=\"996d8f2\" data-element_type=\"widget\" data-widget_type=\"image.default\">\n\t\t\t\t<div class=\"elementor-widget-container\">\n\t\t\t\t\t\t\t\t\t\t\t\t\t\t\t<img loading=\"lazy\" decoding=\"async\" width=\"800\" height=\"800\" src=\"https:\/\/eduspektrum.pl\/wp-content\/uploads\/2025\/11\/12-1024x1024.png\" class=\"attachment-large size-large wp-image-3819\" alt=\"\" srcset=\"https:\/\/eduspektrum.pl\/wp-content\/uploads\/2025\/11\/12-1024x1024.png 1024w, https:\/\/eduspektrum.pl\/wp-content\/uploads\/2025\/11\/12-300x300.png 300w, https:\/\/eduspektrum.pl\/wp-content\/uploads\/2025\/11\/12-150x150.png 150w, https:\/\/eduspektrum.pl\/wp-content\/uploads\/2025\/11\/12-768x768.png 768w, https:\/\/eduspektrum.pl\/wp-content\/uploads\/2025\/11\/12-600x600.png 600w, https:\/\/eduspektrum.pl\/wp-content\/uploads\/2025\/11\/12-100x100.png 100w, https:\/\/eduspektrum.pl\/wp-content\/uploads\/2025\/11\/12.png 1080w\" sizes=\"(max-width: 800px) 100vw, 800px\" \/>\t\t\t\t\t\t\t\t\t\t\t\t\t\t\t<\/div>\n\t\t\t\t<\/div>\n\t\t\t\t<div class=\"elementor-element elementor-element-eff147b elementor-widget elementor-widget-toggle\" data-id=\"eff147b\" data-element_type=\"widget\" data-widget_type=\"toggle.default\">\n\t\t\t\t<div class=\"elementor-widget-container\">\n\t\t\t\t\t\t\t<div class=\"elementor-toggle\">\n\t\t\t\t\t\t\t<div class=\"elementor-toggle-item\">\n\t\t\t\t\t<div id=\"elementor-tab-title-2511\" class=\"elementor-tab-title\" data-tab=\"1\" role=\"button\" aria-controls=\"elementor-tab-content-2511\" aria-expanded=\"false\">\n\t\t\t\t\t\t\t\t\t\t\t\t<span class=\"elementor-toggle-icon elementor-toggle-icon-left\" aria-hidden=\"true\">\n\t\t\t\t\t\t\t\t\t\t\t\t\t\t\t<span class=\"elementor-toggle-icon-closed\"><i class=\"fas fa-caret-right\"><\/i><\/span>\n\t\t\t\t\t\t\t\t<span class=\"elementor-toggle-icon-opened\"><i class=\"elementor-toggle-icon-opened fas fa-caret-up\"><\/i><\/span>\n\t\t\t\t\t\t\t\t\t\t\t\t\t<\/span>\n\t\t\t\t\t\t\t\t\t\t\t\t<a class=\"elementor-toggle-title\" tabindex=\"0\">Dowiedz si\u0119 wi\u0119cej<\/a>\n\t\t\t\t\t<\/div>\n\n\t\t\t\t\t<div id=\"elementor-tab-content-2511\" class=\"elementor-tab-content elementor-clearfix\" data-tab=\"1\" role=\"region\" aria-labelledby=\"elementor-tab-title-2511\"><p><strong>Janusz Tadeusz Kusoci\u0144ski<\/strong>, ps. Kusy (ur. 15 stycznia 1907 w Warszawie, zm. 21<br \/>czerwca 1940 w Palmirach) \u2013 polski lekkoatleta, Pierwszy polski mistrz olimpijski. Uczestnik obrony Warszawy, dzia\u0142acz konspiracji niepodleg\u0142o\u015bciowej podczas<br \/>okupacji niemieckiej, zamordowany w Palmirach.<br \/><br \/><strong>Osi\u0105gni\u0119cia:<\/strong><br \/>&#8211; Z\u0142oty medalista olimpijski z Los Angeles w biegu na 10 000 m (1932 r.)<br \/>&#8211; Srebrny medalista pierwszych mistrzostw Europy na dystansie 5000 m.<br \/>&#8211; Wielokrotny rekordzista Polski w biegach \u015brednich i d\u0142ugich.<\/p><p><strong>Cytaty:<\/strong><br \/>\u201eKszta\u0142ci\u0107 dusz\u0119 cnotami, umys\u0142 s\u0142owami, a cia\u0142o sportem\u201d<\/p><\/div>\n\t\t\t\t<\/div>\n\t\t\t\t\t\t\t\t<\/div>\n\t\t\t\t\t\t<\/div>\n\t\t\t\t<\/div>\n\t\t\t\t\t<\/div>\n\t\t<\/div>\n\t\t\t\t\t<\/div>\n\t\t<\/section>\n\t\t\t\t<section class=\"elementor-section elementor-top-section elementor-element elementor-element-10cad55 elementor-section-boxed elementor-section-height-default elementor-section-height-default\" data-id=\"10cad55\" data-element_type=\"section\" data-settings=\"{&quot;_ha_eqh_enable&quot;:false}\">\n\t\t\t\t\t\t<div class=\"elementor-container elementor-column-gap-default\">\n\t\t\t\t\t<div class=\"elementor-column elementor-col-33 elementor-top-column elementor-element elementor-element-a9215dd\" data-id=\"a9215dd\" data-element_type=\"column\">\n\t\t\t<div class=\"elementor-widget-wrap elementor-element-populated\">\n\t\t\t\t\t\t<div class=\"elementor-element elementor-element-efedf5e elementor-widget elementor-widget-image\" data-id=\"efedf5e\" data-element_type=\"widget\" data-widget_type=\"image.default\">\n\t\t\t\t<div class=\"elementor-widget-container\">\n\t\t\t\t\t\t\t\t\t\t\t\t\t\t\t<img loading=\"lazy\" decoding=\"async\" width=\"800\" height=\"800\" src=\"https:\/\/eduspektrum.pl\/wp-content\/uploads\/2026\/02\/Kopia-\u2013-PATRONI-KLAS-ROZMIAR-30cm-X-15cm-Mem-kwadrat-1024x1024.png\" class=\"attachment-large size-large wp-image-4105\" alt=\"\" srcset=\"https:\/\/eduspektrum.pl\/wp-content\/uploads\/2026\/02\/Kopia-\u2013-PATRONI-KLAS-ROZMIAR-30cm-X-15cm-Mem-kwadrat-1024x1024.png 1024w, https:\/\/eduspektrum.pl\/wp-content\/uploads\/2026\/02\/Kopia-\u2013-PATRONI-KLAS-ROZMIAR-30cm-X-15cm-Mem-kwadrat-300x300.png 300w, https:\/\/eduspektrum.pl\/wp-content\/uploads\/2026\/02\/Kopia-\u2013-PATRONI-KLAS-ROZMIAR-30cm-X-15cm-Mem-kwadrat-150x150.png 150w, https:\/\/eduspektrum.pl\/wp-content\/uploads\/2026\/02\/Kopia-\u2013-PATRONI-KLAS-ROZMIAR-30cm-X-15cm-Mem-kwadrat-768x768.png 768w, https:\/\/eduspektrum.pl\/wp-content\/uploads\/2026\/02\/Kopia-\u2013-PATRONI-KLAS-ROZMIAR-30cm-X-15cm-Mem-kwadrat-600x600.png 600w, https:\/\/eduspektrum.pl\/wp-content\/uploads\/2026\/02\/Kopia-\u2013-PATRONI-KLAS-ROZMIAR-30cm-X-15cm-Mem-kwadrat-100x100.png 100w, https:\/\/eduspektrum.pl\/wp-content\/uploads\/2026\/02\/Kopia-\u2013-PATRONI-KLAS-ROZMIAR-30cm-X-15cm-Mem-kwadrat.png 1080w\" sizes=\"(max-width: 800px) 100vw, 800px\" \/>\t\t\t\t\t\t\t\t\t\t\t\t\t\t\t<\/div>\n\t\t\t\t<\/div>\n\t\t\t\t<div class=\"elementor-element elementor-element-59c0b30 elementor-widget elementor-widget-toggle\" data-id=\"59c0b30\" data-element_type=\"widget\" data-widget_type=\"toggle.default\">\n\t\t\t\t<div class=\"elementor-widget-container\">\n\t\t\t\t\t\t\t<div class=\"elementor-toggle\">\n\t\t\t\t\t\t\t<div class=\"elementor-toggle-item\">\n\t\t\t\t\t<div id=\"elementor-tab-title-9411\" class=\"elementor-tab-title\" data-tab=\"1\" role=\"button\" aria-controls=\"elementor-tab-content-9411\" aria-expanded=\"false\">\n\t\t\t\t\t\t\t\t\t\t\t\t<span class=\"elementor-toggle-icon elementor-toggle-icon-left\" aria-hidden=\"true\">\n\t\t\t\t\t\t\t\t\t\t\t\t\t\t\t<span class=\"elementor-toggle-icon-closed\"><i class=\"fas fa-caret-right\"><\/i><\/span>\n\t\t\t\t\t\t\t\t<span class=\"elementor-toggle-icon-opened\"><i class=\"elementor-toggle-icon-opened fas fa-caret-up\"><\/i><\/span>\n\t\t\t\t\t\t\t\t\t\t\t\t\t<\/span>\n\t\t\t\t\t\t\t\t\t\t\t\t<a class=\"elementor-toggle-title\" tabindex=\"0\">Dowiedz si\u0119 wi\u0119cej<\/a>\n\t\t\t\t\t<\/div>\n\n\t\t\t\t\t<div id=\"elementor-tab-content-9411\" class=\"elementor-tab-content elementor-clearfix\" data-tab=\"1\" role=\"region\" aria-labelledby=\"elementor-tab-title-9411\"><p><span style=\"font-weight: 400;\"><strong>Katarzyna Deberny &#8211;<\/strong>\u00a0wcze\u015bniej Szoty\u0144ska, zaczyna\u0142a jako o\u015bmiolatka na Wi\u015ble, by po latach wystartowa\u0107 na igrzyskach olimpijskich w Pekinie. Pi\u0119ciokrotna mistrzyni \u015bwiata i dwukrotna mistrzyni Europy w klasie Laser Radial (obecnie ILCA 6).\u00a0<\/span><\/p><p><span style=\"font-weight: 400;\">Po zako\u0144czeniu kariery sta\u0142a si\u0119 ambasadork\u0105 warto\u015bci olimpijskich i obecnie \u0142\u0105czy pasj\u0119 do \u017ceglarstwa z prac\u0105 edukacyjn\u0105 oraz spo\u0142eczn\u0105, inspiruj\u0105c kolejne pokolenia<\/span><\/p><p><b>Osi\u0105gni\u0119cia:<\/b><\/p><ul><li style=\"font-weight: 400;\" aria-level=\"1\"><span style=\"font-weight: 400;\">Olimpijka z Pekinu (2008), gdzie zaj\u0119\u0142a 9. miejsce w klasie Laser Radial.<\/span><\/li><li style=\"font-weight: 400;\" aria-level=\"1\"><span style=\"font-weight: 400;\">Czterokrotna z\u0142ota medalistka otwartych mistrzostw \u015bwiata (2000, 2001, 2002 i 2003).\u00a0<\/span><\/li><li style=\"font-weight: 400;\" aria-level=\"1\"><span style=\"font-weight: 400;\">Mistrzyni Europy z 2003 i 2004 roku\u00a0<\/span><\/li><li style=\"font-weight: 400;\" aria-level=\"1\"><span style=\"font-weight: 400;\">Br\u0105zowa medalistka ME z 2005 roku.<\/span><\/li><\/ul><\/div>\n\t\t\t\t<\/div>\n\t\t\t\t\t\t\t\t<\/div>\n\t\t\t\t\t\t<\/div>\n\t\t\t\t<\/div>\n\t\t\t\t\t<\/div>\n\t\t<\/div>\n\t\t\t\t<div class=\"elementor-column elementor-col-33 elementor-top-column elementor-element elementor-element-17a8e87\" data-id=\"17a8e87\" data-element_type=\"column\">\n\t\t\t<div class=\"elementor-widget-wrap\">\n\t\t\t\t\t\t\t<\/div>\n\t\t<\/div>\n\t\t\t\t<div class=\"elementor-column elementor-col-33 elementor-top-column elementor-element elementor-element-066fbbf\" data-id=\"066fbbf\" data-element_type=\"column\">\n\t\t\t<div class=\"elementor-widget-wrap\">\n\t\t\t\t\t\t\t<\/div>\n\t\t<\/div>\n\t\t\t\t\t<\/div>\n\t\t<\/section>\n\t\t\t\t<section class=\"elementor-section elementor-top-section elementor-element elementor-element-c4f1f3b elementor-section-boxed elementor-section-height-default elementor-section-height-default\" data-id=\"c4f1f3b\" data-element_type=\"section\" data-settings=\"{&quot;_ha_eqh_enable&quot;:false}\">\n\t\t\t\t\t\t<div class=\"elementor-container elementor-column-gap-default\">\n\t\t\t\t\t<div class=\"elementor-column elementor-col-100 elementor-top-column elementor-element elementor-element-0eda2b4\" data-id=\"0eda2b4\" data-element_type=\"column\">\n\t\t\t<div class=\"elementor-widget-wrap elementor-element-populated\">\n\t\t\t\t\t\t<div class=\"elementor-element elementor-element-78be593 elementor-widget elementor-widget-spacer\" data-id=\"78be593\" data-element_type=\"widget\" data-widget_type=\"spacer.default\">\n\t\t\t\t<div class=\"elementor-widget-container\">\n\t\t\t\t\t\t\t<div class=\"elementor-spacer\">\n\t\t\t<div class=\"elementor-spacer-inner\"><\/div>\n\t\t<\/div>\n\t\t\t\t\t\t<\/div>\n\t\t\t\t<\/div>\n\t\t\t\t<div class=\"elementor-element elementor-element-f8c1fc9 elementor-widget elementor-widget-text-editor\" data-id=\"f8c1fc9\" data-element_type=\"widget\" data-widget_type=\"text-editor.default\">\n\t\t\t\t<div class=\"elementor-widget-container\">\n\t\t\t\t\t\t\t\t\t<p><em><strong>\u0179r\u00f3d\u0142a:<\/strong><\/em><br \/><a href=\"https:\/\/olimpijski.pl\/olimpijczycy\/tomasz-majewski\/\">https:\/\/olimpijski.pl\/olimpijczycy\/tomasz-majewski\/<\/a><br \/><a href=\"https:\/\/pl.wikipedia.org\/wiki\/Otylia_J%C4%99drzejczak\">https:\/\/pl.wikipedia.org\/wiki\/Otylia_J%C4%99drzejczak<\/a><br \/><a href=\"https:\/\/olimpijski.pl\/olimpijczycy\/halina-wlasciwie-leonarda-kazimiera-konopacka-matuszewska-szczerbinska\" target=\"_blank\" rel=\"noopener\">https:\/\/olimpijski.pl\/olimpijczycy\/halina-wlasciwie-leonarda-kazimiera-konopacka-matuszewska-szczerbinska<\/a><br \/><a href=\"https:\/\/paryz2024.polskieradio.pl\/artykul\/3403279,halina-konopacka-wielka-mistrzyni-ktora-w-sporcie-widziala-piekno\" target=\"_blank\" rel=\"noopener\">https:\/\/paryz2024.polskieradio.pl\/artykul\/3403279,halina-konopacka-wielka-mistrzyni-ktora-w-sporcie-widziala-piekno\u00a0<\/a><br \/><a href=\"https:\/\/olimpijski.pl\/olimpijczycy\/justyna-kowalczyk\/\">https:\/\/olimpijski.pl\/olimpijczycy\/justyna-kowalczyk\/<\/a><br \/><a href=\"https:\/\/pl.wikipedia.org\/wiki\/Justyna_Kowalczyk\">https:\/\/pl.wikipedia.org\/wiki\/Justyna_Kowalczyk<\/a><br \/><a href=\"https:\/\/olimpijski.pl\/olimpijczycy\/iga-swiatek\/\">https:\/\/olimpijski.pl\/olimpijczycy\/iga-swiatek\/<\/a><br \/><a href=\"https:\/\/pl.wikipedia.org\/wiki\/Iga_%C5%9Awi%C4%85tek\">https:\/\/pl.wikipedia.org\/wiki\/Iga_%C5%9Awi%C4%85tek<\/a><br \/><a href=\"https:\/\/olimpijski.pl\/olimpijczycy\/irena-szewinska-kirszenstein\/\">https:\/\/olimpijski.pl\/olimpijczycy\/irena-szewinska-kirszenstein\/<\/a><br \/><a href=\"https:\/\/pl.wikipedia.org\/wiki\/Janusz_Kusoci%C5%84ski\">https:\/\/pl.wikipedia.org\/wiki\/Janusz_Kusoci%C5%84ski<\/a><br \/><a href=\"https:\/\/olimpijski.pl\/janusz-tadeusz-kusocinski\/\">https:\/\/olimpijski.pl\/janusz-tadeusz-kusocinski\/<\/a><br \/><a href=\"https:\/\/olimpijski.pl\/olimpijczycy\/mateusz-kusznierewicz\/\">https:\/\/olimpijski.pl\/olimpijczycy\/mateusz-kusznierewicz\/<\/a><\/p>\t\t\t\t\t\t\t\t<\/div>\n\t\t\t\t<\/div>\n\t\t\t\t\t<\/div>\n\t\t<\/div>\n\t\t\t\t\t<\/div>\n\t\t<\/section>\n\t\t\t\t<\/div>\n\t\t","protected":false},"excerpt":{"rendered":"<p>sylwetki inspiruj\u0105cych olimpijczyk\u00f3w Ich pasja, wytrwa\u0142o\u015b\u0107 i determinacja s\u0105 fundamentem naszych dzia\u0142a\u0144. Dowiedz si\u0119 wi\u0119cej Otylia J\u0119drzejczak (13 grudnia 1983) polska p\u0142ywaczka specjalizuj\u0105ca si\u0119 w stylach motylkowym i dowolnym, mistrzyni olimpijska, dwukrotna mistrzyni \u015bwiata,pi\u0119ciokrotna mistrzyni Europy na d\u0142ugim basenie, trzykrotna rekordzistka \u015bwiata. Od 2021 prezeska Polskiego Zwi\u0105zku P\u0142ywackiego. W Plebiscycie Przegl\u0105du Sportowego niejednokrotnie by\u0142a wybierana [&hellip;]<\/p>\n","protected":false},"author":1,"featured_media":0,"parent":0,"menu_order":0,"comment_status":"closed","ping_status":"closed","template":"elementor_header_footer","meta":{"footnotes":""},"class_list":["post-3804","page","type-page","status-publish","hentry"],"_links":{"self":[{"href":"https:\/\/eduspektrum.pl\/index.php\/wp-json\/wp\/v2\/pages\/3804","targetHints":{"allow":["GET"]}}],"collection":[{"href":"https:\/\/eduspektrum.pl\/index.php\/wp-json\/wp\/v2\/pages"}],"about":[{"href":"https:\/\/eduspektrum.pl\/index.php\/wp-json\/wp\/v2\/types\/page"}],"author":[{"embeddable":true,"href":"https:\/\/eduspektrum.pl\/index.php\/wp-json\/wp\/v2\/users\/1"}],"replies":[{"embeddable":true,"href":"https:\/\/eduspektrum.pl\/index.php\/wp-json\/wp\/v2\/comments?post=3804"}],"version-history":[{"count":39,"href":"https:\/\/eduspektrum.pl\/index.php\/wp-json\/wp\/v2\/pages\/3804\/revisions"}],"predecessor-version":[{"id":4108,"href":"https:\/\/eduspektrum.pl\/index.php\/wp-json\/wp\/v2\/pages\/3804\/revisions\/4108"}],"wp:attachment":[{"href":"https:\/\/eduspektrum.pl\/index.php\/wp-json\/wp\/v2\/media?parent=3804"}],"curies":[{"name":"wp","href":"https:\/\/api.w.org\/{rel}","templated":true}]}}